{"id":1519,"date":"2018-11-19T11:04:19","date_gmt":"2018-11-19T11:04:19","guid":{"rendered":"http:\/\/portal.uab.pt\/alv\/?post_type=cursos_alv&#038;p=1519"},"modified":"2019-06-11T10:29:27","modified_gmt":"2019-06-11T10:29:27","slug":"o-contrato-de-treinador-de-desporto","status":"publish","type":"cursos_alv","link":"https:\/\/portal.uab.pt\/alv\/en\/cursos_alv\/o-contrato-de-treinador-de-desporto\/","title":{"rendered":"(Portugu\u00eas) O CONTRATO DE TREINADOR DE DESPORTO"},"content":{"rendered":"<p class=\"qtranxs-available-languages-message qtranxs-available-languages-message-en\">Sorry, this entry is only available in <a href=\"https:\/\/portal.uab.pt\/alv\/pt\/wp-json\/wp\/v2\/cursos_alv\/1519\" class=\"qtranxs-available-language-link qtranxs-available-language-link-pt\" title=\"Portugu\u00eas\">Portugu\u00eas<\/a>.<\/p>","protected":false},"excerpt":{"rendered":"<p>Sorry, this entry is only available in Portugu\u00eas.<\/p>\n","protected":false},"author":43,"featured_media":1521,"parent":0,"menu_order":0,"template":"","meta":{"publicado":"N&atildeo publicado","dataInicioCandid":"2018-11-19","dataFimCandid":"2019-02-28","dataInicio":"2019-03-11","dataFim":"","duracao":"26 horas- creditado pelo IPDJ\/ revalida\u00e7\u00e3o do TPTD","ects":"1 ECTS \/ 2,6 Unidades de Cr\u00e9dito","custo":"60\u20ac","formCandidatura":"","urlFormCandidatura":"","formador1":"L\u00facio Miguel Correia","formador2":"","urlFormador1":"","urlFormador2":"","coordenador1":"","coordenador2":"","urlCoord1":"","urlCoord2":"","viceCoord1":"","viceCoord2":"","urlViceCoord1":"","urlViceCoord2":"","enquadramento":"Atrav\u00e9s deste curso pretende-se dotar os formandos de ferramentas sobre o que \u00e9 um Contrato com um Treinador de Desporto que facilitem o conhecimento jur\u00eddico-pr\u00e1tico sobre a sua celebra\u00e7\u00e3o e sobre algumas quest\u00f5es jur\u00eddicas e pr\u00e1ticas do seu conte\u00fado.","destinatarios":"Treinadores\r\nEstudantes do Ensino Superior","saidasProf":"","condFreq":"","objetivos":"","competencias":"No final da a\u00e7\u00e3o, os formandos dever\u00e3o ser capazes de:\r\n\r\n- Saber o que \u00e9 um contrato de trabalho e um contrato de presta\u00e7\u00e3o de servi\u00e7os.\r\n- Analisar algumas quest\u00f5es essenciais sobre o teor de um contrato de Treinador.\r\n- Ter conhecimentos b\u00e1sicos sobre mat\u00e9rias jur\u00eddico-pr\u00e1ticas que normalmente surgem no contrato de treinador.\r\n","bibliografia":"Bibliografia fundamental: (4\/5 refer\u00eancias)\r\n\r\nJo\u00e3o Leal Amado, Temas Laborais 2, Coimbra: Coimbra Editora, 2007.\r\n\u201cTreinador de voleibol: entre o regime laboral comum e o regime especial do praticante desportivo?\u201d, Quest\u00f5es Laborais, n.\u00ba 28, Ano XIII \u2013 2006.\r\nAlbino Mendes Baptista, \u201cTreinadores profissionais: Aplica\u00e7\u00e3o do regime laboral comum ou do regime dos praticantes desportivos \u2013 duas maneiras simplistas de ver a mesma realidade?\u201d, Estudos Dedicados ao Professor Doutor Lu\u00eds Alberto Carvalho Fernandes, Volume I, Lisboa: Universidade Cat\u00f3lica Editora, 2011.\r\n\u201c\u00c9 o regime laboral comum aplic\u00e1vel aos contratos entre clubes e treinadores profissionais?\u201d, Revista do Minist\u00e9rio P\u00fablico, n.\u00ba 80, 1999.\r\nJos\u00e9 Manuel Meirim, \u201cOs treinadores de desporto\u201d, O desporto que os tribunais praticam, 1\u00aa ed., Coimbra: Coimbra Editora, 2014.\r\nL\u00facio Miguel Correia, Limita\u00e7\u00f5es \u00e0 Liberdade Contratual do Praticante Desportivo \u2013 Livraria Petrony, Lisboa, 2008\r\n","metodologia":"M\u00e9todos Ativos (Discuss\u00e3o atrav\u00e9s dos f\u00f3runs)\r\n\r\nM\u00e9todo Expositivo (Exposi\u00e7\u00e3o atrav\u00e9s de Slides e de textos)\r\n\r\nM\u00e9todo Interrogativo (Formula\u00e7\u00e3o de Perguntas atrav\u00e9s dos f\u00f3runs)\r\n\r\n","conteudo":"1. Conte\u00fados program\u00e1ticos do curso\r\nLegisla\u00e7\u00e3o de Enquadramento da atividade de treinador\r\n\r\n2. O contrato de trabalho \u2013 defini\u00e7\u00e3o e caracter\u00edsticas e o contrato de presta\u00e7\u00e3o de servi\u00e7os\r\nO contrato de trabalho do Treinador desportivo \u2013 Defini\u00e7\u00e3o legal e caracter\u00edsticas\r\nA legisla\u00e7\u00e3o laboral comum como direito subsidi\u00e1rio\r\n\r\n3. Forma e dura\u00e7\u00e3o do Contrato\r\nRegisto\r\nPromessa de contrato de trabalho\r\nPer\u00edodo Experimental\r\n\r\n4. Per\u00edodo de Trabalho\r\nDescanso semanal e feriados\r\nFaltas\r\n\r\n5. Retribui\u00e7\u00e3o\r\nPr\u00e9mios de jogo\r\nSubs\u00eddios de f\u00e9rias e de Natal\r\n\r\n6. Cessa\u00e7\u00e3o do contrato\r\nFormas de cessa\u00e7\u00e3o\r\n\r\n7. Responsabilidade das partes pela cessa\u00e7\u00e3o do contrato\r\nEventuais Consequ\u00eancias\r\n","avaliacao":"Avalia\u00e7\u00e3o cont\u00ednua, atrav\u00e9s da din\u00e2mica dos f\u00f3runs, em termos do debate promovido, e outras atividades propostas.\r\n\r\nNo final do curso o formando dever\u00e1 elaborar uma reflex\u00e3o pessoal baseada nas suas participa\u00e7\u00f5es no f\u00f3rum e na documenta\u00e7\u00e3o de apoio do curso.\r\n\r\nComponentes da avalia\u00e7\u00e3o:\r\n\r\nAvalia\u00e7\u00e3o cont\u00ednua \u2013 60%\r\nReflex\u00e3o final \u2013 40%\r\n","cd_curso":"","footnotes":""},"tags":[],"programasALV":[25],"class_list":["post-1519","cursos_alv","type-cursos_alv","status-publish","has-post-thumbnail","hentry","programasALV-formacao-profissional","post-thumb"],"_links":{"self":[{"href":"https:\/\/portal.uab.pt\/alv\/en\/wp-json\/wp\/v2\/cursos_alv\/1519","targetHints":{"allow":["GET"]}}],"collection":[{"href":"https:\/\/portal.uab.pt\/alv\/en\/wp-json\/wp\/v2\/cursos_alv"}],"about":[{"href":"https:\/\/portal.uab.pt\/alv\/en\/wp-json\/wp\/v2\/types\/cursos_alv"}],"author":[{"embeddable":true,"href":"https:\/\/portal.uab.pt\/alv\/en\/wp-json\/wp\/v2\/users\/43"}],"version-history":[{"count":4,"href":"https:\/\/portal.uab.pt\/alv\/en\/wp-json\/wp\/v2\/cursos_alv\/1519\/revisions"}],"predecessor-version":[{"id":1774,"href":"https:\/\/portal.uab.pt\/alv\/en\/wp-json\/wp\/v2\/cursos_alv\/1519\/revisions\/1774"}],"wp:featuredmedia":[{"embeddable":true,"href":"https:\/\/portal.uab.pt\/alv\/en\/wp-json\/wp\/v2\/media\/1521"}],"wp:attachment":[{"href":"https:\/\/portal.uab.pt\/alv\/en\/wp-json\/wp\/v2\/media?parent=1519"}],"wp:term":[{"taxonomy":"post_tag","embeddable":true,"href":"https:\/\/portal.uab.pt\/alv\/en\/wp-json\/wp\/v2\/tags?post=1519"},{"taxonomy":"programasALV","embeddable":true,"href":"https:\/\/portal.uab.pt\/alv\/en\/wp-json\/wp\/v2\/programasALV?post=1519"}],"curies":[{"name":"wp","href":"https:\/\/api.w.org\/{rel}","templated":true}]}}