{"id":2316,"date":"2024-06-27T10:00:17","date_gmt":"2024-06-27T10:00:17","guid":{"rendered":"https:\/\/portal.uab.pt\/alv\/?post_type=cursos_alv&#038;p=2316"},"modified":"2025-07-30T13:57:12","modified_gmt":"2025-07-30T13:57:12","slug":"reabilitacao-sustentavel-de-edificios-uab-ipcb-2","status":"publish","type":"cursos_alv","link":"https:\/\/portal.uab.pt\/alv\/en\/cursos_alv\/reabilitacao-sustentavel-de-edificios-uab-ipcb-2\/","title":{"rendered":"(Portugu\u00eas) P\u00f3s-gradua\u00e7\u00e3o em Reabilita\u00e7\u00e3o Sustent\u00e1vel de Edif\u00edcios UAb\/ IPCB)"},"content":{"rendered":"<p class=\"qtranxs-available-languages-message qtranxs-available-languages-message-en\">Sorry, this entry is only available in <a href=\"https:\/\/portal.uab.pt\/alv\/pt\/wp-json\/wp\/v2\/cursos_alv\/2316\" class=\"qtranxs-available-language-link qtranxs-available-language-link-pt\" title=\"Portugu\u00eas\">Portugu\u00eas<\/a>.<\/p>","protected":false},"excerpt":{"rendered":"<p>Sorry, this entry is only available in Portugu\u00eas.<\/p>\n","protected":false},"author":31,"featured_media":607,"parent":0,"menu_order":0,"template":"","meta":{"publicado":"Publicado","dataInicioCandid":"2024-06-28","dataFimCandid":"2024-09-15","dataInicio":"2024-11-05","dataFim":"","duracao":"1560 horas","ects":"60","custo":"1750\u20ac (acrescido taxa candidatura 40\u20ac)","formCandidatura":"FORMUL\u00c1RIO DE CANDIDATURA (Clique aqui!)","urlFormCandidatura":"https:\/\/candidaturas.uab.pt\/cssnet\/page","formador1":"","formador2":"","urlFormador1":"","urlFormador2":"","coordenador1":"Constan\u00e7a Rigueiro (IPCB)","coordenador2":"","urlCoord1":"https:\/\/www.ipcb.pt\/maria-constana-simes-rigueiro","urlCoord2":"","viceCoord1":"Fernando Caetano (UAb)","viceCoord2":"","urlViceCoord1":"https:\/\/paginapessoal.uab.pt\/fcaetano","urlViceCoord2":"","enquadramento":">> Curso oferecido ao abrigo da parceria entre a Universidade Aberta e o Instituto Polit\u00e9cnico de Castelo Branco.\n\nPortugal apresenta um parque constru\u00eddo envelhecido e que foi subjugado ao longo dos anos a uma intensa atividade do setor da constru\u00e7\u00e3o com a constru\u00e7\u00e3o de edif\u00edcios novos. Existe assim a necessidade de altera\u00e7\u00e3o do paradigma existente e de realizar esfor\u00e7os para intervir sobre o patrim\u00f3nio constru\u00eddo, restituindo a sua resposta \u00e0s exig\u00eancias funcionais, de seguran\u00e7a e salubridade.\n\nA reabilita\u00e7\u00e3o dos edif\u00edcios tem sido assumida como uma aposta nacional, com a publica\u00e7\u00e3o do Decreto-Lei n.\u00ba 95\/2019, de 18 de julho, que refere no seu pre\u00e2mbulo \u2018Passar a reabilita\u00e7\u00e3o da exce\u00e7\u00e3o \u00e0 regra implica uma interven\u00e7\u00e3o integrada em diversos dom\u00ednios. Com efeito, para a dinamiza\u00e7\u00e3o da reabilita\u00e7\u00e3o de edif\u00edcios, esta deve passar a beneficiar de um quadro legal atualizado e adequado \u00e0s suas especificidades. Isto significa conciliar as leg\u00edtimas expetativas em termos de adequa\u00e7\u00e3o aos atuais padr\u00f5es de seguran\u00e7a, habitabilidade, conforto e simplifica\u00e7\u00e3o do processo de reabilita\u00e7\u00e3o, com os princ\u00edpios da sustentabilidade ambiental e da prote\u00e7\u00e3o do patrim\u00f3nio edificado, em sentido lato.\u2019 Este documento refere os tr\u00eas princ\u00edpios fundamentais da reabilita\u00e7\u00e3o: a prote\u00e7\u00e3o e valoriza\u00e7\u00e3o do existente, a sustentabilidade ambiental e a melhoria proporcional e progressiva.\n\nO documento \u2018Estrat\u00e9gia a Longo Prazo para a Reabilita\u00e7\u00e3o de Edif\u00edcios\u2019 (esteve em consulta p\u00fablica at\u00e9 20 de maio de 2020) define os eixos de atua\u00e7\u00e3o e pol\u00edticas no \u00e2mbito da reabilita\u00e7\u00e3o de edif\u00edcios, referindo claramente as metas ambiciosas da UE em rela\u00e7\u00e3o \u00e0 efici\u00eancia energ\u00e9tica e a necessidade de aumentar a taxa de renova\u00e7\u00e3o do parque constru\u00eddo em Portugal para responder a este desafio, sendo que o maior investimento previsto ser\u00e1 realizado na envolvente passiva dos edif\u00edcios.\n\nPara particulares, existem ainda apoios fiscais como a dedu\u00e7\u00e3o \u00e0 coleta no \u00e2mbito de IRS de 30% dos encargos suportados pelo propriet\u00e1rio ou a isen\u00e7\u00e3o de IMI. Para entidades p\u00fablicas ou sociedades de reabilita\u00e7\u00e3o urbana, foi conclu\u00edda a 3\u00aa fase de candidatura do Programa Reabilitar para Arrendar, com uma dota\u00e7\u00e3o inicial de 50 milh\u00f5es de euros, e que tem como objetivo, entre outros, a reabilita\u00e7\u00e3o ou reconstru\u00e7\u00e3o de edif\u00edcios cujo uso seja maioritariamente habitacional e cujos fogos se destinem a arrendamento nos regimes de renda apoiada ou de renda condicionada.\n\nTodos estes elementos justificam a cria\u00e7\u00e3o de forma\u00e7\u00f5es vocacionados para a interven\u00e7\u00e3o no espa\u00e7o constru\u00eddo, com a utiliza\u00e7\u00e3o de t\u00e9cnicas e solu\u00e7\u00f5es dur\u00e1veis e com um menor impacto ambiental, respondendo assim \u00e0s necessidades de preserva\u00e7\u00e3o do ambiente exterior e da qualidade de vida. A cria\u00e7\u00e3o do projeto Reabilitar como Regra (RcR) atrav\u00e9s de uma resolu\u00e7\u00e3o do Conselho de Ministros, e que visa a adapta\u00e7\u00e3o da legisla\u00e7\u00e3o da constru\u00e7\u00e3o \u00e0 realidade da reabilita\u00e7\u00e3o, \u00e9 mais um elemento que refor\u00e7a as pol\u00edticas neste setor, suportadas por diretivas que implementam a necessidade de dinamiza\u00e7\u00e3o da reabilita\u00e7\u00e3o do parque constru\u00eddo.\n\n\u00c9 neste sentido que a presente proposta se encontra devidamente fundamentada e salvaguardada pela necessidade de t\u00e9cnicos especialistas em Reabilita\u00e7\u00e3o Sustent\u00e1vel de Edif\u00edcios num mercado em expans\u00e3o e suportado por pol\u00edticas claras de incentivo \u00e0s interven\u00e7\u00f5es.","destinatarios":"Esta forma\u00e7\u00e3o visa a atualiza\u00e7\u00e3o de profissionais do mercado da constru\u00e7\u00e3o e engenharia em rela\u00e7\u00e3o aos temas abordados na reabilita\u00e7\u00e3o sustent\u00e1vel de edif\u00edcios. Os destinat\u00e1rios s\u00e3o engenheiros civis e arquitetos com interesse na reabilita\u00e7\u00e3o e manuten\u00e7\u00e3o de edif\u00edcios e ainda outros profissionais que tenham forma\u00e7\u00e3o em \u00e1reas afins \u00e0s mencionadas. O curso ser\u00e1 lecionado em l\u00edngua portuguesa, sendo, pois, destinado a profissionais que dominem o Portugu\u00eas.","saidasProf":"","condFreq":"Os candidatos ao curso de P\u00f3s-gradua\u00e7\u00e3o em Reabilita\u00e7\u00e3o Sustent\u00e1vel de Edif\u00edcios devem ser, alternativamente:\r\na)\tTitulares do grau de Licenciado, ou equivalente legal em Engenharia Civil, Arquitetura ou em \u00e1reas afins; \r\nb)\tTitulares de um grau acad\u00e9mico superior estrangeiro que seja reconhecido como satisfazendo os objetivos do grau de licenciado pelo \u00f3rg\u00e3o cient\u00edfico estatutariamente competente no estabelecimento de ensino superior onde pretende ser admitido; \r\nc)\tDetentores de um curr\u00edculo escolar, cient\u00edfico ou profissional que seja reconhecido como atestando capacidade para realiza\u00e7\u00e3o deste ciclo de estudos pelo Conselho T\u00e9cnico-Cient\u00edfico da FCT.","objetivos":"- Desenvolver e atualizar conhecimentos espec\u00edficos no \u00e2mbito de materiais, t\u00e9cnicas e solu\u00e7\u00f5es sustent\u00e1veis relacionadas com a reabilita\u00e7\u00e3o de edif\u00edcios;\r\n- Conhecer e aplicar os conceitos de sustentabilidade aplicados ao setor da constru\u00e7\u00e3o e reabilita\u00e7\u00e3o de edif\u00edcios;\r\n- Identificar patologias associadas ao ambiente constru\u00eddo, identificando as suas causas e propondo solu\u00e7\u00f5es de reabilita\u00e7\u00e3o de acordo com os objetivos das interven\u00e7\u00f5es;\r\n- Conhecer materiais e t\u00e9cnicas sustent\u00e1veis, com a aplica\u00e7\u00e3o de solu\u00e7\u00f5es sustent\u00e1veis e compat\u00edveis com o elemento existente;\r\n- Atuar de forma respons\u00e1vel e consciente sobre o ambiente constru\u00eddo, reconhecendo o impacto das a\u00e7\u00f5es de interven\u00e7\u00e3o sobre o ambiente.","competencias":"","bibliografia":"","metodologia":"As atividades de ensino-aprendizagem do curso funcionam de forma ass\u00edncrona, com recurso \u00e0 plataforma de e-Learning da Universidade Aberta (PlataformAbERTA) e a outros ambientes e artefactos digitais t\u00edpicos da web 2.0. O curso assenta no Modelo Pedag\u00f3gico Virtual\u00ae criado e desenvolvido pela Universidade Aberta. \r\n\r\nPara mais informa\u00e7\u00e3o consulte o Guia de Curso","conteudo":"A forma\u00e7\u00e3o organiza-se em 3 per\u00edodos, cada um com objetivos distintos:\r\n\r\n1\u00ba Per\u00edodo \u2013 leciona\u00e7\u00e3o de conte\u00fados de enquadramento \u00e0 sustentabilidade na constru\u00e7\u00e3o, regulamenta\u00e7\u00e3o nacional e constrangimentos \u00e0 sua aplica\u00e7\u00e3o, pol\u00edticas e ferramentas de manuten\u00e7\u00e3o e reabilita\u00e7\u00e3o;\r\n\r\n2\u00ba Per\u00edodo \u2013 leciona\u00e7\u00e3o de conte\u00fados que permitam a an\u00e1lise e identifica\u00e7\u00e3o de patologias estruturais e n\u00e3o estruturais, assim como de t\u00e9cnicas de repara\u00e7\u00e3o ou minimiza\u00e7\u00e3o do seu impacto no uso do edif\u00edcio.\r\n\r\n3\u00ba Per\u00edodo \u2013 elabora\u00e7\u00e3o de um projeto de reabilita\u00e7\u00e3o, orientado por um docente, e de acordo com temas que poder\u00e3o ser orientados de acordo com as \u00e1reas de interesse do aluno, mas sempre no dom\u00ednio da \u2018Reabilita\u00e7\u00e3o Sustent\u00e1vel de Edif\u00edcios\u2019.\r\n\r\nA organiza\u00e7\u00e3o em 3 per\u00edodos tem objetivos espec\u00edficos: i) reduzir o n\u00famero de unidades curriculares lecionadas em simult\u00e2neo, o que poder\u00e1 facilitar a gest\u00e3o do tempo por parte dos estudantes; ii) permitir a exist\u00eancia de um per\u00edodo espec\u00edfico dedicado ao projeto, numa fase em que o estudante j\u00e1 ter\u00e1 os conhecimentos suficientes para o desenvolver (3\u00ba per\u00edodo).\r\n\r\nEsta P\u00f3s-gradua\u00e7\u00e3o \u00e9 constitu\u00edda por dois Cursos de Especializa\u00e7\u00e3o com 30 ECTS. Estes cursos funcionam em simult\u00e2neo com a P\u00f3s-gradua\u00e7\u00e3o e permitem que o estudante flexibilize a sua forma\u00e7\u00e3o.\r\n\r\nPara maior detalhe consulte o Guia de Curso","avaliacao":"","cd_curso":"","footnotes":""},"tags":[],"programasALV":[26],"class_list":["post-2316","cursos_alv","type-cursos_alv","status-publish","has-post-thumbnail","hentry","programasALV-pos-graduacoes","post-thumb"],"_links":{"self":[{"href":"https:\/\/portal.uab.pt\/alv\/en\/wp-json\/wp\/v2\/cursos_alv\/2316","targetHints":{"allow":["GET"]}}],"collection":[{"href":"https:\/\/portal.uab.pt\/alv\/en\/wp-json\/wp\/v2\/cursos_alv"}],"about":[{"href":"https:\/\/portal.uab.pt\/alv\/en\/wp-json\/wp\/v2\/types\/cursos_alv"}],"author":[{"embeddable":true,"href":"https:\/\/portal.uab.pt\/alv\/en\/wp-json\/wp\/v2\/users\/31"}],"version-history":[{"count":68,"href":"https:\/\/portal.uab.pt\/alv\/en\/wp-json\/wp\/v2\/cursos_alv\/2316\/revisions"}],"predecessor-version":[{"id":10655,"href":"https:\/\/portal.uab.pt\/alv\/en\/wp-json\/wp\/v2\/cursos_alv\/2316\/revisions\/10655"}],"wp:featuredmedia":[{"embeddable":true,"href":"https:\/\/portal.uab.pt\/alv\/en\/wp-json\/wp\/v2\/media\/607"}],"wp:attachment":[{"href":"https:\/\/portal.uab.pt\/alv\/en\/wp-json\/wp\/v2\/media?parent=2316"}],"wp:term":[{"taxonomy":"post_tag","embeddable":true,"href":"https:\/\/portal.uab.pt\/alv\/en\/wp-json\/wp\/v2\/tags?post=2316"},{"taxonomy":"programasALV","embeddable":true,"href":"https:\/\/portal.uab.pt\/alv\/en\/wp-json\/wp\/v2\/programasALV?post=2316"}],"curies":[{"name":"wp","href":"https:\/\/api.w.org\/{rel}","templated":true}]}}