{"id":3240,"date":"2021-08-12T10:00:35","date_gmt":"2021-08-12T10:00:35","guid":{"rendered":"https:\/\/portal.uab.pt\/alv\/?post_type=cursos_alv&#038;p=3240"},"modified":"2024-11-14T20:17:25","modified_gmt":"2024-11-14T20:17:25","slug":"pos-graduacao-em-ciencia-de-dados-nas-organizacoes","status":"publish","type":"cursos_alv","link":"https:\/\/portal.uab.pt\/alv\/cursos_alv\/pos-graduacao-em-ciencia-de-dados-nas-organizacoes\/","title":{"rendered":"P\u00f3s-gradua\u00e7\u00e3o em Ci\u00eancia de Dados nas Organiza\u00e7\u00f5es  (UAB\/UFP)"},"content":{"rendered":"<p><\/p>\n<hr \/>\n<p>Este curso foi criado no \u00e2mbito de um protocolo de colabora\u00e7\u00e3o entre<\/p>\n<p>a <strong>Universidade Aberta<\/strong> e a <span style=\"color: #993300\"><strong>Universidade Fernando Pessoa<\/strong><\/span>.<\/p>\n<p><img loading=\"lazy\" decoding=\"async\" class=\"size-thumbnail wp-image-5119 alignnone\" src=\"https:\/\/portal.uab.pt\/alv\/wp-content\/uploads\/sites\/9\/2021\/08\/ufp1-150x150.jpg\" alt=\"\" width=\"150\" height=\"150\" srcset=\"https:\/\/portal.uab.pt\/alv\/wp-content\/uploads\/sites\/9\/2021\/08\/ufp1-150x150.jpg 150w, https:\/\/portal.uab.pt\/alv\/wp-content\/uploads\/sites\/9\/2021\/08\/ufp1-300x300.jpg 300w, https:\/\/portal.uab.pt\/alv\/wp-content\/uploads\/sites\/9\/2021\/08\/ufp1.jpg 400w\" sizes=\"auto, (max-width: 150px) 100vw, 150px\" \/><\/p>\n<hr \/>\n<h3><strong>Para mais informa\u00e7\u00f5es dever\u00e1 consultar:<\/strong><\/h3>\n<p><a href=\"https:\/\/portal.uab.pt\/alv\/wp-content\/uploads\/sites\/9\/2021\/09\/PG_Ciencia_Dados_Organizacoes_WEB_signed.pdf\"><strong>Guia de Curso\u00a0<\/strong><\/a><\/p>\n<p><a href=\"https:\/\/portal.uab.pt\/alv\/wp-content\/uploads\/sites\/9\/2021\/07\/Despacho-de-Abertura-de-PG_CDO2_2021-22_2_signed.pdf\"><strong>Despacho de Abertura<\/strong><\/a><\/p>\n<hr \/>\n<h4><strong>CANDIDATURA<\/strong><\/h4>\n<p>Para a <strong>submiss\u00e3o da candidatura<\/strong> \u00e9 necess\u00e1rio anexar, obrigatoriamente, os seguintes documentos:<\/p>\n<p>&#8211; Certificado de habilita\u00e7\u00f5es acad\u00e9micas &#8211; Se tem uma <strong>forma\u00e7\u00e3o realizada numa Institui\u00e7\u00e3o de Ensino Superior fora de Portugal<\/strong> junte ao seu processo de candidatura a declara\u00e7\u00e3o NARIC que complementa o reconhecimento acad\u00e9mico de graus e diplomas estrangeiros de ensino superior. Para tal <a href=\"https:\/\/www.dges.gov.pt\/pt\/pagina\/declaracoes-naric?plid=374\" target=\"_blank\" rel=\"noopener\">siga este link<\/a>.<br \/>\n&#8211; <em>Curriculum Vitae<br \/>\n<\/em>&#8211; Cart\u00e3o de Cidad\u00e3o\/Documento de Identifica\u00e7\u00e3o (tra\u00e7ar para efeitos de candidatura \u00e0 UAb)<\/p>\n<p>A candidatura a esta P\u00f3s-gradua\u00e7\u00e3o pressup\u00f5e o pagamento pr\u00e9vio e adicional, n\u00e3o reembols\u00e1vel em circunst\u00e2ncia alguma, da taxa de candidatura. O pagamento dever\u00e1 ser efetuado por <strong>Transfer\u00eancia Banc\u00e1ria<\/strong>.<\/p>\n<p><strong>Muito importante: <\/strong>pf., ao efetuar a sua transfer\u00eancia banc\u00e1ria explicitar: \u00ab<strong>PG_CDO2122 primeiro\u00faltimonome\u00bb <\/strong>(onde: <strong><em>primeiro\u00faltimonome<\/em><\/strong> corresponde ao Primeiro e \u00daltimo nome do candidato)\u201d<\/p>\n<hr \/>\n<p>Acesso ao curso: Depois de aceite a sua candidatura, s\u00f3 ap\u00f3s o pagamento da primeira parte da propina \u00e9 que ter\u00e1 acesso ao curso.<\/p>\n<hr \/>\n<p><strong>ATEN\u00c7\u00c3O:<\/strong> Depois de realizar a sua candidatura\/inscri\u00e7\u00e3o ser\u00e1 SEMPRE contactado pelos nossos servi\u00e7os. Fique atento \u00e0 caixa de entrada do seu email e ao SPAM.<\/p>\n<hr \/>\n<p>&nbsp;<\/p>\n<p>Os candidatos admitidos por via das empresas parceiras, t\u00eam um desconto de 250\u20ac.<\/p>\n<p>Empresas que manifestaram interesse em participar como parceiros:<\/p>\n<p><img loading=\"lazy\" decoding=\"async\" class=\"alignnone wp-image-4351\" src=\"https:\/\/portal.uab.pt\/alv\/wp-content\/uploads\/sites\/9\/2021\/08\/apoios2-300x52.jpg\" alt=\"\" width=\"571\" height=\"99\" srcset=\"https:\/\/portal.uab.pt\/alv\/wp-content\/uploads\/sites\/9\/2021\/08\/apoios2-300x52.jpg 300w, https:\/\/portal.uab.pt\/alv\/wp-content\/uploads\/sites\/9\/2021\/08\/apoios2-1024x176.jpg 1024w, https:\/\/portal.uab.pt\/alv\/wp-content\/uploads\/sites\/9\/2021\/08\/apoios2-768x132.jpg 768w, https:\/\/portal.uab.pt\/alv\/wp-content\/uploads\/sites\/9\/2021\/08\/apoios2.jpg 1376w\" sizes=\"auto, (max-width: 571px) 100vw, 571px\" \/><\/p>\n<hr \/>\n<p><strong>Matricula e Acesso ao Curso<\/strong><\/p>\n<p>O resultado da sua candidatura (aceite\/n\u00e3o aceite) ser-lhe-\u00e1 comunicado para o seu email. No caso de ser aceite a sua matr\u00edcula ser\u00e1 realizada automaticamente n\u00e3o tendo de se preocupar com essa quest\u00e3o administrativa.<\/p>\n<p>At\u00e9 ao in\u00edcio do Curso, receber\u00e1 no seu e-mail instru\u00e7\u00f5es de como proceder nos pr\u00f3ximos passos desta forma\u00e7\u00e3o (rece\u00e7\u00e3o de credenciais de acesso \u00e0 Plataforma de\u00a0<em>e-learning<\/em>\u00a0e Portal Acad\u00e9mico para pagamento de propina).<\/p>\n<hr \/>\n<p><strong>Anula\u00e7\u00e3o de Matr\u00edcula<\/strong><\/p>\n<p>Na Universidade Aberta n\u00e3o existe a possibilidade de suspens\u00e3o da matr\u00edcula, por requerimento do estudante. Nos termos dos seus\u00a0<a href=\"https:\/\/portal.uab.pt\/regulamentos\/\">regulamentos<\/a>, caso o estudante pretenda n\u00e3o prosseguir os estudos em determinada forma\u00e7\u00e3o, deve solicitar formalmente a anula\u00e7\u00e3o da sua matr\u00edcula.<\/p>\n<p>A aus\u00eancia desta indica\u00e7\u00e3o expressa por parte do estudante n\u00e3o permite \u00e0 Universidade saber que o estudante n\u00e3o est\u00e1 ativo, continuando a acumular d\u00edvida, impossibilitando-o de nova inscri\u00e7\u00e3o na mesma forma\u00e7\u00e3o ou noutras em oferta na institui\u00e7\u00e3o sem que a mesma seja saldada.<\/p>\n<div><\/div>\n<p><\/p>","protected":false},"excerpt":{"rendered":"<p>Este curso foi criado no \u00e2mbito de um protocolo de colabora\u00e7\u00e3o entre a Universidade Aberta e a Universidade Fernando Pessoa. Para mais informa\u00e7\u00f5es dever\u00e1 consultar: Guia de Curso\u00a0 Despacho de Abertura CANDIDATURA Para a submiss\u00e3o da candidatura \u00e9 necess\u00e1rio anexar, obrigatoriamente, os seguintes documentos: &#8211; Certificado de habilita\u00e7\u00f5es acad\u00e9micas &#8211; Se tem uma forma\u00e7\u00e3o realizada&#x2026; <a class=\"\" href=\"https:\/\/portal.uab.pt\/alv\/cursos_alv\/pos-graduacao-em-ciencia-de-dados-nas-organizacoes\/\">Ler +<\/a><\/p>\n","protected":false},"author":201,"featured_media":3682,"parent":0,"menu_order":0,"template":"","meta":{"publicado":"N&atildeo publicado","dataInicioCandid":"2021-06-21","dataFimCandid":"2021-09-30","dataInicio":"2021-10-25","dataFim":"2022-07-31","duracao":"1170 horas","ects":"45 ECTS","custo":"2250\u20ac (acrescido taxa candidatura 40\u20ac)","formCandidatura":"FORMUL\u00c1RIO DE CANDIDATURA (Clique aqui!)","urlFormCandidatura":"https:\/\/webapps.uab.pt\/candualv\/?ID=8207","formador1":"","formador2":"","urlFormador1":"","urlFormador2":"","coordenador1":"M\u00e1rio Negas","coordenador2":"Filipe Macedo","urlCoord1":"","urlCoord2":"","viceCoord1":"M\u00e1rio Macedo","viceCoord2":"Rui Maia","urlViceCoord1":"","urlViceCoord2":"","enquadramento":"Num mundo cada vez mais globalizado, em constante altera\u00e7\u00e3o e r\u00e1pida evolu\u00e7\u00e3o, a an\u00e1lise de dados que possam ajudar na tomada de decis\u00f5es para tra\u00e7ar a estrat\u00e9gia mais adequada para empresas e institui\u00e7\u00f5es em geral tem vindo a ganhar import\u00e2ncia relevante. Contactadas diversas entidades de v\u00e1rios setores da ind\u00fastria, servi\u00e7os, com\u00e9rcio, administra\u00e7\u00e3o p\u00fablica, transportes e, ainda, organiza\u00e7\u00f5es de sa\u00fade manifestaram interesse e deram o seu apoio \u00e0 oferta deste curso. Salienta-se, ainda, que algumas destas empresas s\u00e3o multinacionais e l\u00edderes nos respetivos setores de atividade. Estas reconhecem a import\u00e2ncia desta \u00e1rea de atua\u00e7\u00e3o para as suas atividades e manifestaram interesse em participar de forma ativa num curso de P\u00f3s-gradua\u00e7\u00e3o em Ci\u00eancia de Dados. Assim, dado o potencial e a necessidade nesta \u00e1rea, foi criado este curso, numa parceria entre a Universidade Aberta e a Universidade Fernando Pessoa.\nA Ci\u00eancia de Dados \u00e9 da maior import\u00e2ncia para a gest\u00e3o moderna ao possibilitar a manipula\u00e7\u00e3o de dados para a tomada de decis\u00e3o nas organiza\u00e7\u00f5es.","destinatarios":"A P\u00f3s-Gradua\u00e7\u00e3o em Ci\u00eancia de Dados nas Organiza\u00e7\u00f5es est\u00e1 pensada para a frequ\u00eancia de estudantes rec\u00e9m-licenciados ou com experi\u00eancia de trabalho, provenientes das \u00e1reas de Engenharia, de Matem\u00e1tica, de Economia ou de Gest\u00e3o e, em geral, de Ci\u00eancias Sociais, desde que tenham ou adquiram experi\u00eancia em programa\u00e7\u00e3o para a an\u00e1lise de dados e conhecimentos de Matem\u00e1tica e de Estat\u00edstica para a avalia\u00e7\u00e3o da qualidade dos dados.","saidasProf":"","condFreq":"Licenciatura nas \u00e1reas de:\r\n\r\n1.\tCi\u00eancias da Computa\u00e7\u00e3o\r\n2.\tGest\u00e3o\r\n3.\tEconomia\r\n4.\tMatem\u00e1tica\r\n5.\tEngenharias\r\n6.\tCi\u00eancias Sociais\r\n7.\tOutras relacionadas\r\n\r\nOs candidatos dever\u00e3o ter compet\u00eancias de leitura e compreens\u00e3o da l\u00edngua portuguesa e da l\u00edngua inglesa.\r\n\u00c9 indispens\u00e1vel que os candidatos tenham acesso a computador com liga\u00e7\u00e3o \u00e0 Internet em barda larga.","objetivos":"A oferta do curso de P\u00f3s-gradua\u00e7\u00e3o em Ci\u00eancia de Dados nas Organiza\u00e7\u00f5es tem por base os seguintes objetivos:\r\n\r\na) a explora\u00e7\u00e3o, an\u00e1lise e interpreta\u00e7\u00e3o de dados para os compreender e possibilitar \u00e0s organiza\u00e7\u00f5es uma tomada de decis\u00e3o de maneira mais r\u00e1pida e com vista \u00e0 otimiza\u00e7\u00e3o de neg\u00f3cios;\r\n\r\nb) responder a uma necessidade real e objetiva da valoriza\u00e7\u00e3o do capital humano e da economia global.","competencias":"Espera-se que no final do percurso desta P\u00f3s-gradua\u00e7\u00e3o o\/a estudante tenha adquirido e desenvolvido as seguintes compet\u00eancias:\r\n\r\n- Entender o ambiente da Ci\u00eancia de Dados, os seus benef\u00edcios e aplica\u00e7\u00f5es, na integra\u00e7\u00e3o de dados de diversa proveni\u00eancia para a obten\u00e7\u00e3o de leituras estat\u00edsticas;\r\n\r\n- Compreender formas de organizar e de tratar as informa\u00e7\u00f5es de natureza quantitativa, observando, medindo e descrevendo as respetivas realidades;\r\n\r\n- Representar a realidade estat\u00edstica usando ferramentas de Ci\u00eancia de Dados;\r\n\r\n- Integrar, tratar e interpretar conjuntos de dados;\r\n\r\n- Compreender o processo de desenvolvimento de um modelo de an\u00e1lise e Infer\u00eancia de Dados e perceber os principais algoritmos estat\u00edsticos para a avalia\u00e7\u00e3o de dados;\r\n\r\n- Entender e aplicar modelos de infer\u00eancia estat\u00edstica a diversos contextos;\r\n\r\n- Desenvolver proposi\u00e7\u00f5es estat\u00edsticas a partir de conjuntos de dados representativos de realidades sobre os quais as organiza\u00e7\u00f5es e empresas devem tirar proveito;\r\n\r\n- Desenvolver e usar modelos de intelig\u00eancia artificial para sistemas de suporte \u00e0 decis\u00e3o e para modelos de simula\u00e7\u00e3o ou otimiza\u00e7\u00e3o;\r\n\r\n- Estruturar um Sistema de Suporte \u00e0 Decis\u00e3o adequado \u00e0s necessidades da organiza\u00e7\u00e3o;\r\n\r\n- Identificar situa\u00e7\u00f5es de organiza\u00e7\u00e3o e de utiliza\u00e7\u00e3o de dados com aplica\u00e7\u00e3o \u00e0 gest\u00e3o e \u00e0 produ\u00e7\u00e3o de conhecimentos;\r\n\r\n- Apresentar, discutir e defender solu\u00e7\u00f5es de Ci\u00eancia de Dados que se traduzam em ganhos de conhecimento e de efic\u00e1cia face a problemas e a lacunas identificadas.","bibliografia":"","metodologia":"A P\u00f3s-Gradua\u00e7\u00e3o e as unidades curriculares que a integram funcionam em regime a dist\u00e2ncia, completamente virtual, com recurso \u00e0  PlataformAberta.","conteudo":"Semestre: 1\u00ba Semestre\r\n\r\n\u2022\t Conceitos de Estat\u00edstica e R (2,5 ECTS)\r\n\u2022\t Organiza\u00e7\u00e3o, Normaliza\u00e7\u00e3o e Qualidade de Dados (7,5 ECTS)\r\n\u2022\t An\u00e1lise Espacial e Visualiza\u00e7\u00e3o de Dados (7,5 ECTS)\r\n\u2022\t Conceitos de Intelig\u00eancia Artificial e Machine Learning (7,5 ECTS)\r\n\r\nTotal:  25 ECTS\r\n\r\nSemestre: 2\u00ba Semestre\r\n\r\n\u2022\t Business Intelligence e Sistemas de Suporte \u00e0 Decis\u00e3o (7,5 ECTS)\r\n\u2022\t Semin\u00e1rio de Inova\u00e7\u00e3o e Integra\u00e7\u00e3o de Compet\u00eancias (5 ECTS)\r\n\u2022\t UC Optativa - a escolher uma UC entre as 4 UC seguintes:\r\n\r\nTotal: 20 ECTS\r\n\r\nUC Opcionais\r\n\r\n\u2022\t An\u00e1lise de Dados Cl\u00ednicos e Workflows (7,5 ECTS)\r\n\u2022\t An\u00e1lise da Cadeia de Valor (7,5 ECTS)\r\n\u2022\t Ci\u00eancia de Dados e Pol\u00edticas P\u00fablicas (7,5 ECTS)\r\n\u2022\t An\u00e1lise de Redes Sociais (7,5 ECTS)\r\n\r\nTotal:  45 ECTS","avaliacao":"","cd_curso":"","footnotes":""},"tags":[],"programasALV":[26],"class_list":["post-3240","cursos_alv","type-cursos_alv","status-publish","has-post-thumbnail","hentry","programasALV-pos-graduacoes","post-thumb"],"_links":{"self":[{"href":"https:\/\/portal.uab.pt\/alv\/wp-json\/wp\/v2\/cursos_alv\/3240","targetHints":{"allow":["GET"]}}],"collection":[{"href":"https:\/\/portal.uab.pt\/alv\/wp-json\/wp\/v2\/cursos_alv"}],"about":[{"href":"https:\/\/portal.uab.pt\/alv\/wp-json\/wp\/v2\/types\/cursos_alv"}],"author":[{"embeddable":true,"href":"https:\/\/portal.uab.pt\/alv\/wp-json\/wp\/v2\/users\/201"}],"version-history":[{"count":48,"href":"https:\/\/portal.uab.pt\/alv\/wp-json\/wp\/v2\/cursos_alv\/3240\/revisions"}],"predecessor-version":[{"id":6033,"href":"https:\/\/portal.uab.pt\/alv\/wp-json\/wp\/v2\/cursos_alv\/3240\/revisions\/6033"}],"wp:featuredmedia":[{"embeddable":true,"href":"https:\/\/portal.uab.pt\/alv\/wp-json\/wp\/v2\/media\/3682"}],"wp:attachment":[{"href":"https:\/\/portal.uab.pt\/alv\/wp-json\/wp\/v2\/media?parent=3240"}],"wp:term":[{"taxonomy":"post_tag","embeddable":true,"href":"https:\/\/portal.uab.pt\/alv\/wp-json\/wp\/v2\/tags?post=3240"},{"taxonomy":"programasALV","embeddable":true,"href":"https:\/\/portal.uab.pt\/alv\/wp-json\/wp\/v2\/programasALV?post=3240"}],"curies":[{"name":"wp","href":"https:\/\/api.w.org\/{rel}","templated":true}]}}