{"id":7913,"date":"2023-12-21T18:20:21","date_gmt":"2023-12-21T18:20:21","guid":{"rendered":"https:\/\/portal.uab.pt\/alv\/?post_type=cursos_alv&#038;p=7913"},"modified":"2025-03-22T22:08:21","modified_gmt":"2025-03-22T22:08:21","slug":"educacao-digital-e-em-rede","status":"publish","type":"cursos_alv","link":"https:\/\/portal.uab.pt\/alv\/cursos_alv\/educacao-digital-e-em-rede\/","title":{"rendered":"Educa\u00e7\u00e3o Digital e em Rede"},"content":{"rendered":"<p><\/p>\n<h3><strong>Para mais informa\u00e7\u00f5es dever\u00e1 consultar:<\/strong><\/h3>\n<h4><a href=\"https:\/\/portal.uab.pt\/alv\/wp-content\/uploads\/sites\/9\/2023\/12\/Pos-Graduacao-em-Educacao-Digital-e-em-Rede_signed-GUIA.pdf\" target=\"_blank\" rel=\"noopener\"><strong>Guia de Curso<\/strong><\/a><\/h4>\n<h4><a href=\"https:\/\/portal.uab.pt\/alv\/wp-content\/uploads\/sites\/9\/2024\/02\/Despacho-de-Abertura-de-PG-Educacao-Digital-e-em-Rede_2023-24_vf_signed.pdf\" target=\"_blank\" rel=\"noopener\"><strong>Despacho de Abertur<\/strong><strong>a<\/strong><\/a><\/h4>\n<h4><a href=\"https:\/\/portal.uab.pt\/alv\/wp-content\/uploads\/sites\/9\/2023\/12\/EdDigitalRede-FLYER.pdf\" target=\"_blank\" rel=\"noopener\">Flyer Promocional<\/a><\/h4>\n<hr \/>\n<p><em><strong>Leia atentamente as seguintes informa\u00e7\u00f5es.<\/strong><\/em><\/p>\n<p>Para a\u00a0<strong>submiss\u00e3o da candidatura<\/strong>\u00a0\u00e9 necess\u00e1rio anexar, obrigatoriamente, os seguintes documentos:<\/p>\n<p>\u2013 Certificado de habilita\u00e7\u00f5es acad\u00e9micas \u2013 Se tem uma\u00a0<strong>forma\u00e7\u00e3o realizada numa Institui\u00e7\u00e3o de Ensino Superior fora de Portugal<\/strong>\u00a0junte ao seu processo de candidatura a declara\u00e7\u00e3o NARIC que complementa o reconhecimento acad\u00e9mico de graus e diplomas estrangeiros de ensino superior. Para tal\u00a0<a href=\"https:\/\/www.dges.gov.pt\/pt\/pagina\/declaracoes-naric?plid=374\" target=\"_blank\" rel=\"noopener\">siga este link<\/a>.<br \/>\n\u2013\u00a0<em>Curriculum Vitae<\/em><br \/>\n\u2013 Cart\u00e3o de Cidad\u00e3o (tra\u00e7ar para efeitos de candidatura \u00e0 UAb)<\/p>\n<p>&nbsp;<\/p>\n<p>A candidatura a esta P\u00f3s-gradua\u00e7\u00e3o pressup\u00f5e o pagamento, n\u00e3o reembols\u00e1vel em circunst\u00e2ncia alguma, da taxa de candidatura \u00a0no\u00a0 valor de\u00a0<strong>45\u20ac<\/strong>.\u00a0<em>O\u00a0<strong>n\u00e3o pagamento<\/strong>\u00a0desta taxa\u00a0<strong>exclui<\/strong>\u00a0a candidatura<\/em>.<\/p>\n<p>O pagamento dever\u00e1 ser efetuado atrav\u00e9s da refer\u00eancia Multibanco (MB) dispon\u00edvel em PDF ap\u00f3s a formaliza\u00e7\u00e3o da candidatura.\u00a0Os candidatos estrangeiros poder\u00e3o efetuar o pagamento atrav\u00e9s de Cart\u00e3o Cr\u00e9dito (Visa\/MasterCard).<\/p>\n<p>a)* A Propina do curso \u00e9 apoiada (PRR-Aviso n.\u00ba 12\/C06-i05\/2023 &#8211; Governo dos A\u00e7ores) at\u00e9 ao valor de 2.000,00\u20ac, pagos da seguinte forma:<br \/>\n&#8211; 50% do valor nos 30 dias ap\u00f3s a aprova\u00e7\u00e3o da candidatura<br \/>\n&#8211; 50% no final do curso, ap\u00f3s envio comprovativo de aprova\u00e7\u00e3o em 50% das UC<\/p>\n<hr \/>\n<p>*\u00a0 Acesso ao curso: Ter\u00e1 acesso ao curso\u00a0 ap\u00f3s o pagamento da 1\u00aa presta\u00e7\u00e3o de propina. O valor da 1.\u00aa presta\u00e7\u00e3o, a pagar antes do in\u00edcio do Curso, corresponde a 20% do valor do Curso. As restantes ser\u00e3o distribu\u00eddas em quatro presta\u00e7\u00f5es mensais e equitativas.<\/p>\n<hr \/>\n<p><strong>ATEN\u00c7\u00c3O:<\/strong>\u00a0Depois de realizar a sua candidatura\/inscri\u00e7\u00e3o ser\u00e1 SEMPRE contactado pelos nossos servi\u00e7os. Fique atento \u00e0 caixa de entrada do seu email e ao SPAM.<\/p>\n<hr \/>\n<p><strong>Matricula e Acesso ao Curso<\/strong><\/p>\n<p>O resultado da sua candidatura (aceite\/n\u00e3o aceite), analisada pelo j\u00fari, ser-lhe-\u00e1 comunicado para o seu email.<\/p>\n<p><em>No caso de ser aceite, a sua matr\u00edcula ser\u00e1 realizada automaticamente<\/em>,\u00a0n\u00e3o tendo de se preocupar com essa quest\u00e3o administrativa.<\/p>\n<p>At\u00e9 ao in\u00edcio do Curso, receber\u00e1 no seu e-mail instru\u00e7\u00f5es de como proceder nos pr\u00f3ximos passos desta forma\u00e7\u00e3o (rece\u00e7\u00e3o de credenciais de acesso \u00e0 Plataforma de\u00a0<em>e-learning<\/em>\u00a0e Portal Acad\u00e9mico para pagamento de propina).<\/p>\n<hr \/>\n<p><strong>Anula\u00e7\u00e3o de Matr\u00edcula<\/strong><\/p>\n<p>Na Universidade Aberta n\u00e3o existe a possibilidade de suspens\u00e3o da matr\u00edcula, por requerimento do estudante. Nos termos dos seus\u00a0<a href=\"https:\/\/portal.uab.pt\/regulamentos\/\">regulamentos<\/a>, caso o estudante pretenda n\u00e3o prosseguir os estudos em determinada forma\u00e7\u00e3o, deve solicitar formalmente a anula\u00e7\u00e3o da sua matr\u00edcula. Saiba como fazer a <a href=\"https:\/\/portal.uab.pt\/matricula-e-inscricoes\/\">Anula\u00e7\u00e3o de Matr\u00edcula\u00a0 nesta p\u00e1gina<\/a>.<\/p>\n<p>A aus\u00eancia desta indica\u00e7\u00e3o expressa por parte do estudante n\u00e3o permite \u00e0 Universidade saber que o estudante n\u00e3o est\u00e1 ativo, <strong>continuando a acumular d\u00edvida<\/strong>, impossibilitando-o de nova inscri\u00e7\u00e3o na mesma forma\u00e7\u00e3o ou noutras em oferta na institui\u00e7\u00e3o sem que a mesma seja saldada.<\/p>","protected":false},"excerpt":{"rendered":"<p>Para mais informa\u00e7\u00f5es dever\u00e1 consultar: Guia de Curso Despacho de Abertura Flyer Promocional Leia atentamente as seguintes informa\u00e7\u00f5es. Para a\u00a0submiss\u00e3o da candidatura\u00a0\u00e9 necess\u00e1rio anexar, obrigatoriamente, os seguintes documentos: \u2013 Certificado de habilita\u00e7\u00f5es acad\u00e9micas \u2013 Se tem uma\u00a0forma\u00e7\u00e3o realizada numa Institui\u00e7\u00e3o de Ensino Superior fora de Portugal\u00a0junte ao seu processo de candidatura a declara\u00e7\u00e3o NARIC que&#x2026; <a class=\"\" href=\"https:\/\/portal.uab.pt\/alv\/cursos_alv\/educacao-digital-e-em-rede\/\">Ler +<\/a><\/p>\n","protected":false},"author":31,"featured_media":7910,"parent":0,"menu_order":0,"template":"","meta":{"publicado":"Publicado","dataInicioCandid":"2023-12-20","dataFimCandid":"2024-02-18","dataInicio":"2024-03-05","dataFim":"2024-07-16","duracao":"600h (18 semanas)","ects":"24 ECTS","custo":"1200\u20ac (acrescido taxa candidatura 45\u20ac)a*","formCandidatura":"FORMUL\u00c1RIO DE CANDIDATURA (Clique aqui!)","urlFormCandidatura":"https:\/\/candidaturas.uab.pt\/cssnet\/page","formador1":"","formador2":"","urlFormador1":"","urlFormador2":"","coordenador1":"Jos\u00e9 Ant\u00f3nio Moreira","coordenador2":"","urlCoord1":"https:\/\/paginapessoal.uab.pt\/jmoreira","urlCoord2":"","viceCoord1":"","viceCoord2":"","urlViceCoord1":"","urlViceCoord2":"","enquadramento":"A evolu\u00e7\u00e3o das tecnologias e das redes de comunica\u00e7\u00e3o propiciaram o surgimento de uma sociedade reticular marcada por mudan\u00e7as acentuadas na economia e no mercado de trabalho, impulsionando o nascimento de novos paradigmas, modelos, processos de comunica\u00e7\u00e3o educacional e novos cen\u00e1rios de ensino e de aprendizagem. A ado\u00e7\u00e3o de ambientes online no campo da educa\u00e7\u00e3o e da forma\u00e7\u00e3o tem dado provas do seu potencial, e por isso n\u00e3o \u00e9 uma utopia considerar a Educa\u00e7\u00e3o Digital, como uma oportunidade de inova\u00e7\u00e3o, de integra\u00e7\u00e3o, inclus\u00e3o, flexibiliza\u00e7\u00e3o, abertura, personaliza\u00e7\u00e3o de percursos de aprendizagem.\n\nNesta \u201cnova\u201d realidade da Educa\u00e7\u00e3o Digital, as salas de aula conectam-se a redes de conhecimento em permanente atualiza\u00e7\u00e3o, sendo que a hierarquia cl\u00e1ssica da rela\u00e7\u00e3o entre professor e estudante transforma-se num ecossistema de conhecimento cada vez mais complexo.\n\n\u00c9 no quadro dessas necessidades ao n\u00edvel da doc\u00eancia digital que a Universidade Aberta desenvolveu esta especializa\u00e7\u00e3o que procura dotar os estudantes de conhecimentos em contextos de pr\u00e1ticas de educa\u00e7\u00e3o digital, da capacidade de definir modelos educativos para ambientes virtuais e enriquecidos com tecnologias digitais e na capacidade de construir recursos de aprendizagem digitais.\n\nPara informa\u00e7\u00f5es detalhadas sobre esta forma\u00e7\u00e3o, leia atentamente o Guia de Curso","destinatarios":"O Curso destina-se prioritariamente a todas as pessoas que t\u00eam por objetivo aprofundar  o seu conhecimento sobre aspetos relacionados com os processos educativos e  formativos digitais e em rede.\r\n\r\nConsideram-se como destinat\u00e1rios privilegiados os seguintes p\u00fablicos:\r\n\r\n1) Docentes do Ensino B\u00e1sico e Secund\u00e1rio que queiram desenhar ambientes de  aprendizagem digitais e virtuais.\r\n\r\n2) Docentes do ensino superior que queiram desenhar programas conferentes de  grau em EaD e unidades curriculares em ambientes digitais e virtuais.\r\n\r\n3) Empreendedores na \u00e1rea do lifelong learning.\r\n\r\n4) Learning architects e instructional designers.","saidasProf":"Esta P\u00f3s-Gradua\u00e7\u00e3o contabiliza para efeitos de progress\u00e3o da carreira, nos termos do art. 73.\u00ba do Estatuto Carreira Docente RAA","condFreq":"Este curso rege-se pelo Regulamento da oferta educativa da Universidade Aberta.\r\n\r\nPodem candidatar-se a este curso de P\u00f3s-Gradua\u00e7\u00e3o:\r\na) as\/os titulares do grau de licenciado ou equivalente legal;\r\n\r\nb) as\/os titulares de um grau acad\u00e9mico superior, obtido no estrangeiro, que tenha  sido conferido na sequ\u00eancia de um 1.\u00ba ciclo de estudos, organizado de acordo  com os princ\u00edpios do Processo de Bolonha, por um Estado aderente a este Processo;\r\n\r\nc) as\/os titulares de um grau acad\u00e9mico superior obtido no estrangeiro que seja  reconhecido, pelo Conselho Cient\u00edfico da UAb, como satisfazendo os objetivos  do grau de licenciado;\r\n\r\nd) as\/os detentoras\/es de um curr\u00edculo escolar, cient\u00edfico ou profissional, que seja  reconhecido pelo Conselho Cient\u00edfico da Universidade Aberta como satisfazendo  os objetivos.\r\n\r\nTratando-se de um curso online na modalidade de e-Learning, a sua frequ\u00eancia exige  que as\/os candidatas\/os tenham acesso a computador com liga\u00e7\u00e3o \u00e0 Internet e possuam conhecimentos de inform\u00e1tica, na \u00f3tica do utilizador, incluindo de navega\u00e7\u00e3o na Internet. \r\n\r\n\u00c9 aconselh\u00e1vel a compet\u00eancia de leitura e compreens\u00e3o de textos em l\u00edngua inglesa.","objetivos":"Veja o Guia de Curso","competencias":"Veja o Guia de Curso","bibliografia":"","metodologia":"Na P\u00f3s-Gradua\u00e7\u00e3o em Educa\u00e7\u00e3o Digital e em Rede \u00e9 adotado o Modelo Pedag\u00f3gico  Virtual da Universidade Aberta, para o 2.\u00ba ciclo de estudos superiores. Neste modelo os  estudantes e os professores interagem e aprendem em rede, assumindo o professor a cria\u00e7\u00e3o dos cen\u00e1rios e processos de ensino aprendizagem. Esta abordagem promove a  interatividade entre os atores humanos envolvidos, potenciando a motiva\u00e7\u00e3o do  estudante para a concretiza\u00e7\u00e3o dos seus objetivos.\r\n\r\nMais informa\u00e7\u00f5es, veja o Guia de Curso.","conteudo":"O Curso de P\u00f3s-Gradua\u00e7\u00e3o em Educa\u00e7\u00e3o Digital e em Rede encontra-se estruturado  em seis unidades curriculares que decorrem durante 18 semanas com um trabalho total  de 600 horas (24 ECTS). \u00b4\r\n\r\nM\u00d3DULO: AMBIENTA\u00c7\u00c3O AO CONTEXTO DO E-LEARNING | 1 SEMANA\r\n\r\n-Sociedade e Educa\u00e7\u00e3o Digital e em Rede (4 ECTs)\r\n\r\n- Ecologias e Ambientes Virtuais de Aprendizagem (4 ECTs)\r\n\r\n- Processos de Ensino e Aprendizagem Digital (4 ECTs)\r\n\r\n- Tecnologias de Imagem, \u00c1udio e V\u00eddeo (4 ECTs)\r\n\r\n- Avalia\u00e7\u00e3o Digital (4 ECTs)\r\n\r\n- Projeto de Forma\u00e7\u00e3o em Contexto Digital (4 ECTs)","avaliacao":"A avalia\u00e7\u00e3o implica a coexist\u00eancia de duas componentes:\r\n\r\n\u2022 Avalia\u00e7\u00e3o cont\u00ednua (60%), a qual incide sobre as v\u00e1rias atividades desenvolvidas  ao longo dos primeiros cinco m\u00f3dulos;\r\n\u2022 Avalia\u00e7\u00e3o final (40%), a qual consiste na realiza\u00e7\u00e3o de um projeto final a elaborar  no m\u00f3dulo Projeto de Forma\u00e7\u00e3o em Contexto Digital\r\n\r\nCada uma destas componentes ter\u00e1 a classifica\u00e7\u00e3o expressa, numa escala quantitativa,  de 0 a 20 valores.\r\nA conclus\u00e3o do curso requer a aprova\u00e7\u00e3o em todos os m\u00f3dulos com uma classifica\u00e7\u00e3o igual ou superior a 10 valores, sendo reconhecida com a atribui\u00e7\u00e3o de um Diploma de Estudos P\u00f3s-Graduados em Educa\u00e7\u00e3o Digital e em Rede.","cd_curso":"","footnotes":""},"tags":[],"programasALV":[26],"class_list":["post-7913","cursos_alv","type-cursos_alv","status-publish","has-post-thumbnail","hentry","programasALV-pos-graduacoes","post-thumb"],"_links":{"self":[{"href":"https:\/\/portal.uab.pt\/alv\/wp-json\/wp\/v2\/cursos_alv\/7913","targetHints":{"allow":["GET"]}}],"collection":[{"href":"https:\/\/portal.uab.pt\/alv\/wp-json\/wp\/v2\/cursos_alv"}],"about":[{"href":"https:\/\/portal.uab.pt\/alv\/wp-json\/wp\/v2\/types\/cursos_alv"}],"author":[{"embeddable":true,"href":"https:\/\/portal.uab.pt\/alv\/wp-json\/wp\/v2\/users\/31"}],"version-history":[{"count":6,"href":"https:\/\/portal.uab.pt\/alv\/wp-json\/wp\/v2\/cursos_alv\/7913\/revisions"}],"predecessor-version":[{"id":9754,"href":"https:\/\/portal.uab.pt\/alv\/wp-json\/wp\/v2\/cursos_alv\/7913\/revisions\/9754"}],"wp:featuredmedia":[{"embeddable":true,"href":"https:\/\/portal.uab.pt\/alv\/wp-json\/wp\/v2\/media\/7910"}],"wp:attachment":[{"href":"https:\/\/portal.uab.pt\/alv\/wp-json\/wp\/v2\/media?parent=7913"}],"wp:term":[{"taxonomy":"post_tag","embeddable":true,"href":"https:\/\/portal.uab.pt\/alv\/wp-json\/wp\/v2\/tags?post=7913"},{"taxonomy":"programasALV","embeddable":true,"href":"https:\/\/portal.uab.pt\/alv\/wp-json\/wp\/v2\/programasALV?post=7913"}],"curies":[{"name":"wp","href":"https:\/\/api.w.org\/{rel}","templated":true}]}}