{"id":9603,"date":"2025-02-28T10:24:19","date_gmt":"2025-02-28T10:24:19","guid":{"rendered":"https:\/\/portal.uab.pt\/alv\/?post_type=cursos_alv&#038;p=9603"},"modified":"2026-02-11T12:12:29","modified_gmt":"2026-02-11T12:12:29","slug":"ordenamento-do-territorio-litoral","status":"publish","type":"cursos_alv","link":"https:\/\/formacao.uab.pt\/curso\/mct-ordenamento-do-territorio-litoral\/","title":{"rendered":"Ordenamento do Territ\u00f3rio Litoral"},"content":{"rendered":"<p>&nbsp;<\/p>\n<p><strong><a href=\"https:\/\/portal.uab.pt\/alv\/wp-content\/uploads\/sites\/9\/2025\/04\/MCT-Ordenamento-do-Territorio-Litoral_signed.pdf\">Guia de Curso<\/a><\/strong><\/p>\n<p>&nbsp;<\/p>\n<p><strong>NOTA:\u00a0<\/strong>Ao efetuar a sua candidatura, no \u201cRegime de Candidatura desejado\u201d, dever\u00e1 selecionar, por favor, a op\u00e7\u00e3o: \u201cPRR \u2013 TOURISM INTERNATIONAL ACADEMY \u2013 MCT\u201d.<\/p>\n<p><img decoding=\"async\" class=\"aligncenter\" src=\"https:\/\/portal.uab.pt\/alv\/wp-content\/uploads\/sites\/9\/2022\/08\/SImbolo__micrcredencial_pt-300x180.png\" \/><\/p>\n<p><img loading=\"lazy\" decoding=\"async\" class=\"aligncenter\" src=\"https:\/\/portal.uab.pt\/alv\/wp-content\/uploads\/sites\/9\/2024\/04\/BARRA.png\" width=\"670\" height=\"97\" \/><\/p>\n<p><img loading=\"lazy\" decoding=\"async\" class=\"aligncenter\" src=\"https:\/\/portal.uab.pt\/alv\/wp-content\/uploads\/sites\/9\/2025\/03\/TIA-logotipo-300x66.jpg\" width=\"326\" height=\"72\" \/><\/p>\n<p>&nbsp;<\/p>\n<p>&nbsp;<\/p>\n<p><strong>Esta microcredencial encontra-se integrada no <em><a href=\"https:\/\/portal.uab.pt\/alv\/cursos_alv\/curso-de-especializacao-em-historia-ambiental-e-turismo-nas-zonas-costeiras-portuguesas\/\">Curso de Especializa\u00e7\u00e3o em Hist\u00f3ria Ambiental e Turismo nas zonas costeiras portuguesas<\/a>.<\/em><\/strong><\/p>\n<p>&nbsp;<\/p>\n<p><span data-teams=\"true\">A Microcredencial dever\u00e1 ser realizada com aproveitamento para obter o <strong>Certificado <\/strong>de conclus\u00e3o. A <strong>Bolsa de M\u00e9rito<\/strong> ser\u00e1 atribu\u00edda conforme <a id=\"menurg50\" class=\"fui-Link ___1q1shib f2hkw1w f3rmtva f1ewtqcl fyind8e f1k6fduh f1w7gpdv fk6fouc fjoy568 figsok6 f1s184ao f1mk8lai fnbmjn9 f1o700av f13mvf36 f1cmlufx f9n3di6 f1ids18y f1tx3yz7 f1deo86v f1eh06m1 f1iescvh fhgqx19 f1olyrje f1p93eir f1nev41a f1h8hb77 f1lqvz6u f10aw75t fsle3fq f17ae5zn\" title=\"https:\/\/portal.uab.pt\/wp-content\/uploads\/2024\/11\/not-regulamento-de-bolsas_tia_assr-20nov2024.pdf\" href=\"https:\/\/portal.uab.pt\/wp-content\/uploads\/2024\/11\/NOT-Regulamento-de-Bolsas_TIA_AssR-20nov2024.pdf\" target=\"_blank\" rel=\"noreferrer noopener\" aria-label=\"Liga\u00e7\u00e3o Regulamento de bolsas no \u00e2mbito do Projeto TIA - Tourism International Academy\"><strong><u>Regulamento de bolsas no \u00e2mbito do Projeto TIA &#8211; Tourism International Academy<\/u><\/strong><\/a> dispon\u00edvel para consulta.<\/span><\/p>\n<p>&nbsp;<\/p>\n<p><span data-teams=\"true\">Caso tenha menos de 23 anos (e mais de 18 anos obrigatoriamente) \u00e9 poss\u00edvel frequentar esta Microcredencial, apesar da plataforma n\u00e3o permitir. Solicitamos que envie um e-mail para <strong>prr-tia@uab.pt<\/strong> com o seu pedido.<\/span><\/p>","protected":false},"excerpt":{"rendered":"<p>&nbsp; Guia de Curso &nbsp; NOTA:\u00a0Ao efetuar a sua candidatura, no \u201cRegime de Candidatura desejado\u201d, dever\u00e1 selecionar, por favor, a op\u00e7\u00e3o: \u201cPRR \u2013 TOURISM INTERNATIONAL ACADEMY \u2013 MCT\u201d. &nbsp; &nbsp; Esta microcredencial encontra-se integrada no Curso de Especializa\u00e7\u00e3o em Hist\u00f3ria Ambiental e Turismo nas zonas costeiras portuguesas. &nbsp; A Microcredencial dever\u00e1 ser realizada com aproveitamento&#x2026; <a class=\"\" href=\"https:\/\/formacao.uab.pt\/curso\/mct-ordenamento-do-territorio-litoral\/\">Ler +<\/a><\/p>\n","protected":false},"author":201,"featured_media":9607,"parent":0,"menu_order":0,"template":"","meta":{"publicado":"Publicado","dataInicioCandid":"2025-07-04","dataFimCandid":"2025-09-30","dataInicio":"2025-10-14","dataFim":"2025-12-23","duracao":"130 horas","ects":"5 ECTS","custo":"0\u20ac (curso gratuito)","formCandidatura":"FORMUL\u00c1RIO DE CANDIDATURA (Clique aqui!)","urlFormCandidatura":"https:\/\/candidaturas.uab.pt\/cssnet\/page","formador1":"Catarina J\u00f3ia Santos","formador2":"Jos\u00e9 Carlos Ferreira","urlFormador1":"","urlFormador2":"","coordenador1":"Jos\u00e9 Ant\u00f3nio Porf\u00edrio","coordenador2":"Maria Ros\u00e1rio Bastos","urlCoord1":"https:\/\/paginapessoal.uab.pt\/jporfirio","urlCoord2":"https:\/\/paginapessoal.uab.pt\/rbastos","viceCoord1":"Ant\u00f3nio Eduardo Martins","viceCoord2":"","urlViceCoord1":"https:\/\/paginapessoal.uab.pt\/eduardom","urlViceCoord2":"","enquadramento":"Esta unidade curricular centra-se nos desafios do ordenamento das zonas costeiras, face aos impactos das altera\u00e7\u00f5es clim\u00e1ticas e \u00e0 crescente press\u00e3o humana. Explora a complexidade da gest\u00e3o litoral, abordando metodologias de an\u00e1lise espacial, diagn\u00f3stico de vulnerabilidades, capacidade de carga e planeamento estrat\u00e9gico. S\u00e3o analisadas pol\u00edticas p\u00fablicas, instrumentos legais e t\u00e9cnicas de monitoriza\u00e7\u00e3o, promovendo um ordenamento equilibrado que garanta a sustentabilidade ambiental e socioecon\u00f3mica. O curso sublinha ainda a import\u00e2ncia do envolvimento ativo das comunidades costeiras e da literacia costeira, fundamentais para implementar modelos eficazes de gest\u00e3o e prote\u00e7\u00e3o destas \u00e1reas sens\u00edveis.","destinatarios":"S\u00e3o destinat\u00e1rios desta microcredencial todos aqueles que pretendam aprofundar o seu conhecimento sobre as zonas costeiras, nomeadamente nas suas vertentes da Hist\u00f3ria Ambiental e Turismo, bem como, de processos digitais e em rede.\r\n\r\nConsideram-se como destinat\u00e1rios privilegiados os seguintes p\u00fablicos:\r\n1) Titulares do grau do ensino secund\u00e1rio (12\u00ba ano de escolaridade) ou equivalente e com resid\u00eancia fiscal em Portugal, durante a frequ\u00eancia da forma\u00e7\u00e3o;\r\n2) Educadores de \u00e1reas de forma\u00e7\u00e3o relacionadas com o tema do curso;\r\n3) Profissionais de \u00e1reas adstritas \u00e0 gest\u00e3o do territ\u00f3rio, turismo, hist\u00f3ria, ambiente, literacia digital, entre outras;\r\n4) Empreendedores na \u00e1rea do turismo com especial \u00eanfase nas zonas costeiras;\r\n5) T\u00e9cnicos superiores cuja atividade profissional se relacione com zonas costeiras; Autarquias, Associa\u00e7\u00f5es, ONG\u2019S, entre outras entidades.","saidasProf":"","condFreq":"Este curso rege-se pelo Regulamento da oferta educativa da Universidade Aberta. Podem candidatar-se a este curso:\r\n\r\n\u2022 titular que tenha obtido no m\u00ednimo o grau do ensino secund\u00e1rio (12\u00ba ano de escolaridade) ou equivalente;\r\n\u2022 titular de resid\u00eancia em Portugal.\r\n\r\nDurante o processo de candidatura surgir\u00e1 um campo a solicitar que indique o local de exame - escolha um qualquer para poder avan\u00e7ar o processo de candidatura; o local n\u00e3o \u00e9 considerado dado que este curso n\u00e3o tem exames presenciais.","objetivos":"1. Desenvolver esp\u00edrito cr\u00edtico, capacidades de an\u00e1lise e de resolu\u00e7\u00e3o de problemas que afetam as comunidades costeiras e promover a obten\u00e7\u00e3o de conhecimentos fundamentais relativos ao planeamento, gest\u00e3o e ordenamento do litoral;\r\n2. Estimular a participa\u00e7\u00e3o ativa dos\/as estudantes nas comunidades locais, atrav\u00e9s do desenvolvimento de projetos que promovam solu\u00e7\u00f5es baseadas na natureza e na resili\u00eancia comunit\u00e1ria.","competencias":"a) Capacitar os\/as estudantes com os fundamentos e conceitos mais recentes e as estrat\u00e9gias, as t\u00e9cnicas e os m\u00e9todos mais inovadores de planeamento, ordenamento e gest\u00e3o integrada de zonas costeiras, com \u00eanfase no planeamento ambiental para a sustentabilidade e resili\u00eancia das comunidades;\r\nb) Fomentar a capacidade de identificar e mitigar os impactos das atividades humanas no litoral, promovendo solu\u00e7\u00f5es baseadas na natureza e na resili\u00eancia comunit\u00e1ria.","bibliografia":"","metodologia":"As atividades de ensino-aprendizagem s\u00e3o realizadas em regime de ensino a dist\u00e2ncia, em ambiente completamente virtual com recurso a uma plataforma de e-learning. O primeiro semestre \u00e9 antecedido por um m\u00f3dulo inicial de Ambienta\u00e7\u00e3o Online com a dura\u00e7\u00e3o de uma semana, com o objetivo de permitir que as\/os estudantes se familiarizem com o ambiente de trabalho da PlataformAbERTA da Universidade Aberta e adquiram compet\u00eancias fundamentais de comunica\u00e7\u00e3o online e compet\u00eancias sociais necess\u00e1rias \u00e0 constru\u00e7\u00e3o de uma comunidade de aprendizagem virtual.","conteudo":"1. Os Desafios das Comunidades Costeiras face ao impacto das altera\u00e7\u00f5es clim\u00e1ticas;\r\n2. A Complexidade da Gest\u00e3o Litoral, Atores e Institui\u00e7\u00f5es;\r\n3. Metodologias e T\u00e9cnicas de An\u00e1lise Espacial, Diagn\u00f3stico e Prospetiva para a Gest\u00e3o Sustent\u00e1vel;\r\n4. Metodologias de Gest\u00e3o Sustent\u00e1vel dos Recursos, dos Impactes e dos Riscos;\r\n5. T\u00e9cnicas de Avalia\u00e7\u00e3o da Vulnerabilidade e capacidade de carga;\r\n6. Definir Estrat\u00e9gias de Planeamento e Gest\u00e3o (Modelos e Pol\u00edticas) e instrumentos de monitoriza\u00e7\u00e3o e avalia\u00e7\u00e3o;\r\n7. Envolvimento Ativo de Comunidades Costeiras e Processos de Literacia Costeira.","avaliacao":"","cd_curso":"","footnotes":""},"tags":[],"programasALV":[48],"class_list":["post-9603","cursos_alv","type-cursos_alv","status-publish","has-post-thumbnail","hentry","programasALV-microcredenciais","post-thumb"],"_links":{"self":[{"href":"https:\/\/portal.uab.pt\/alv\/wp-json\/wp\/v2\/cursos_alv\/9603","targetHints":{"allow":["GET"]}}],"collection":[{"href":"https:\/\/portal.uab.pt\/alv\/wp-json\/wp\/v2\/cursos_alv"}],"about":[{"href":"https:\/\/portal.uab.pt\/alv\/wp-json\/wp\/v2\/types\/cursos_alv"}],"author":[{"embeddable":true,"href":"https:\/\/portal.uab.pt\/alv\/wp-json\/wp\/v2\/users\/201"}],"version-history":[{"count":10,"href":"https:\/\/portal.uab.pt\/alv\/wp-json\/wp\/v2\/cursos_alv\/9603\/revisions"}],"predecessor-version":[{"id":10642,"href":"https:\/\/portal.uab.pt\/alv\/wp-json\/wp\/v2\/cursos_alv\/9603\/revisions\/10642"}],"wp:featuredmedia":[{"embeddable":true,"href":"https:\/\/portal.uab.pt\/alv\/wp-json\/wp\/v2\/media\/9607"}],"wp:attachment":[{"href":"https:\/\/portal.uab.pt\/alv\/wp-json\/wp\/v2\/media?parent=9603"}],"wp:term":[{"taxonomy":"post_tag","embeddable":true,"href":"https:\/\/portal.uab.pt\/alv\/wp-json\/wp\/v2\/tags?post=9603"},{"taxonomy":"programasALV","embeddable":true,"href":"https:\/\/portal.uab.pt\/alv\/wp-json\/wp\/v2\/programasALV?post=9603"}],"curies":[{"name":"wp","href":"https:\/\/api.w.org\/{rel}","templated":true}]}}