{"id":112,"date":"2018-01-03T09:29:44","date_gmt":"2018-01-03T09:29:44","guid":{"rendered":"http:\/\/portal.uab.pt\/dcsg\/?page_id=112"},"modified":"2026-04-13T11:03:49","modified_gmt":"2026-04-13T11:03:49","slug":"docentes-e-investigadores","status":"publish","type":"page","link":"https:\/\/portal.uab.pt\/dcsg\/docentes-e-investigadores\/","title":{"rendered":"Docentes e Investigadores"},"content":{"rendered":"<p><\/p>\n<ul>\n<li><a href=\"https:\/\/paginapessoal.uab.pt\/acosta\" target=\"_blank\" rel=\"noopener noreferrer\">Adelaide Maria Pacheco Lopes Pereira Mill\u00e1n Costa<\/a> &#8211; Sec\u00e7\u00e3o de Hist\u00f3ria<\/li>\n<li><a href=\"https:\/\/paginapessoal.uab.pt\/aimsilva\">Ana Isabel Mateus Silva<\/a> &#8211; Sec\u00e7\u00e3o de Ci\u00eancias Sociais e Pol\u00edticas<\/li>\n<li><a href=\"https:\/\/paginapessoal.uab.pt\/abrochado\"><strong>Ana Margarida Mendes Camelo Oliveira Brochado<\/strong><\/a> &#8211; Sec\u00e7\u00e3o de Gest\u00e3o<\/li>\n<li><a href=\"https:\/\/paginapessoal.uab.pt\/apbhorta\" target=\"_blank\" rel=\"noopener noreferrer\">Ana Paula Cruz Beja Orrico Horta<\/a> &#8211; Sec\u00e7\u00e3o de Ci\u00eancias Sociais e Pol\u00edticas<\/li>\n<li><a href=\"https:\/\/paginapessoal.uab.pt\/anacorde\" target=\"_blank\" rel=\"noopener noreferrer\">Ana Paula dos Santos Cordeiro<\/a> &#8211; Sec\u00e7\u00e3o de Ci\u00eancias Sociais e Pol\u00edticas<\/li>\n<li><a href=\"https:\/\/paginapessoal.uab.pt\/apavelar\" target=\"_blank\" rel=\"noopener noreferrer\">Ana Paula Ribeiro Ferreira Menino Avelar<\/a> &#8211; Sec\u00e7\u00e3o de Hist\u00f3ria<\/li>\n<li><a href=\"https:\/\/paginapessoal.uab.pt\/ammachado\">\u00c2ngela Maria Coelho Pizarro Montalv\u00e3o Machado<\/a>\u00a0 &#8211; Sec\u00e7\u00e3o de Ci\u00eancias Sociais e Pol\u00edticas<\/li>\n<li><strong><a href=\"https:\/\/paginapessoal.uab.pt\/amoreira\">Ant\u00f3nio Carrizo Moreira<\/a> &#8211; <\/strong>Sec\u00e7\u00e3o de Gest\u00e3o<\/li>\n<li><a href=\"https:\/\/paginapessoal.uab.pt\/eduardom\" target=\"_blank\" rel=\"noopener noreferrer\">Ant\u00f3nio Eduardo Pais Falc\u00e3o Barbosa Martins<\/a> &#8211; Sec\u00e7\u00e3o de Gest\u00e3o<\/li>\n<li><a href=\"https:\/\/paginapessoal.uab.pt\/barbarab\">B\u00e1rbara Maria Gran\u00e9s Gon\u00e7alves B\u00e4ckstr\u00f6m<\/a> &#8211; Sec\u00e7\u00e3o de Ci\u00eancias Sociais e Pol\u00edticas<\/li>\n<li><a href=\"https:\/\/paginapessoal.uab.pt\/bjmarques\">Bruno Jos\u00e9 de Sousa Marques<\/a> &#8211; Sec\u00e7\u00e3o de Hist\u00f3ria<\/li>\n<li><a href=\"https:\/\/paginapessoal.uab.pt\/carla\" target=\"_blank\" rel=\"noopener noreferrer\">Carla Alexandra Martins Pedrosa Gon\u00e7alves<\/a> &#8211; Sec\u00e7\u00e3o de Hist\u00f3ria<\/li>\n<li><a href=\"https:\/\/paginapessoal.uab.pt\/cpinho\" target=\"_blank\" rel=\"noopener noreferrer\">Carlos Pedro Ramos dos Santos Pinho<\/a> &#8211; <a href=\"https:\/\/paginapessoal.uab.pt\/rbranco\" target=\"_blank\" rel=\"noopener noreferrer\"> Sec\u00e7\u00e3o de Gest\u00e3o<\/a><\/li>\n<li><a href=\"https:\/\/paginapessoal.uab.pt\/rbranco\" target=\"_blank\" rel=\"noopener noreferrer\">Carlos Rafael Santos Branco &#8211; Sec\u00e7\u00e3o de Gest\u00e3o<\/a><\/li>\n<li><a href=\"https:\/\/paginapessoal.uab.pt\/cvieira\" target=\"_blank\" rel=\"noopener noreferrer\">Cristina Maria Lopes Pereira Vieira<\/a>\u00a0 &#8211; Sec\u00e7\u00e3o de Ci\u00eancias Sociais e Pol\u00edticas<\/li>\n<li><a href=\"https:\/\/paginapessoal.uab.pt\/djmelo\">Daniel Jorge Seixas de Melo<\/a> &#8211; Sec\u00e7\u00e3o de Hist\u00f3ria<\/li>\n<li><a href=\"https:\/\/paginapessoal.uab.pt\/dvidal\">Diogo Guedes Vidal<\/a> &#8211; Sec\u00e7\u00e3o de Ci\u00eancias Sociais e Pol\u00edticas<\/li>\n<li><a href=\"https:\/\/paginapessoal.uab.pt\/dcaeiro\" target=\"_blank\" rel=\"noopener noreferrer\">Domingos Jos\u00e9 Alves Caeiro<\/a> &#8211; Sec\u00e7\u00e3o de Hist\u00f3ria<\/li>\n<li><a href=\"https:\/\/paginapessoal.uab.pt\/fmaciel\">Fabr\u00edcia Cristina de Castro Maciel<\/a> &#8211; Sec\u00e7\u00e3o de Ci\u00eancias Sociais e Pol\u00edticas<\/li>\n<li><a href=\"https:\/\/paginapessoal.uab.pt\/gevora\" target=\"_blank\" rel=\"noopener noreferrer\">Gl\u00f3ria Marina Sousa de Almeida \u00c9vora<\/a> &#8211; Sec\u00e7\u00e3o de Hist\u00f3ria<\/li>\n<li><a href=\"https:\/\/paginapessoal.uab.pt\/isousa\" target=\"_blank\" rel=\"noopener noreferrer\">Ivo Alexandre Rodrigues Dias de Sousa<\/a> &#8211; Sec\u00e7\u00e3o de Gest\u00e3o<\/li>\n<li><a href=\"https:\/\/paginapessoal.uab.pt\/jrc\">Jo\u00e3o Carlos Relv\u00e3o Caetano<\/a> &#8211; Sec\u00e7\u00e3o de Ci\u00eancias Sociais e Pol\u00edticas<\/li>\n<li><a href=\"https:\/\/paginapessoal.uab.pt\/joaosimao\" target=\"_blank\" rel=\"noopener noreferrer\">Jo\u00e3o Miguel Cust\u00f3dio Ferr\u00e3o Neto Sim\u00e3o<\/a> &#8211; Sec\u00e7\u00e3o de Gest\u00e3o<\/li>\n<li><a href=\"https:\/\/paginapessoal.uab.pt\/jgronita\" target=\"_blank\" rel=\"noopener noreferrer\">Joaquim Jo\u00e3o Casimiro Gronita<\/a> &#8211; Sec\u00e7\u00e3o de Ci\u00eancias Sociais e Pol\u00edticas<\/li>\n<li><a href=\"https:\/\/paginapessoal.uab.pt\/jporfirio\" target=\"_blank\" rel=\"noopener noreferrer\">Jos\u00e9 Ant\u00f3nio Ferreira Porf\u00edrio<\/a> &#8211; Sec\u00e7\u00e3o de Gest\u00e3o<\/li>\n<li><a href=\"https:\/\/paginapessoal.uab.pt\/sales\" target=\"_blank\" rel=\"noopener noreferrer\">Jos\u00e9 das Candeias Montes Sales<\/a> &#8211; Sec\u00e7\u00e3o de Hist\u00f3ria<\/li>\n<li><a href=\"https:\/\/paginapessoal.uab.pt\/jefranco\">Jos\u00e9 Eduardo Franco<\/a> &#8211; Investigador Coordenador &#8211; Sec\u00e7\u00e3o de Hist\u00f3ria<\/li>\n<li><a href=\"https:\/\/paginapessoal.uab.pt\/lucio\" target=\"_blank\" rel=\"noopener noreferrer\">L\u00facio Manuel Gomes de Sousa<\/a> &#8211; Sec\u00e7\u00e3o de Ci\u00eancias Sociais e Pol\u00edticas<\/li>\n<li><a href=\"https:\/\/paginapessoal.uab.pt\/mmlopes\" target=\"_blank\" rel=\"noopener noreferrer\">Manuel Filipe Mouta Lopes<\/a> &#8211; Sec\u00e7\u00e3o de Gest\u00e3o<\/li>\n<li><a href=\"https:\/\/paginapessoal.uab.pt\/mjardim\" target=\"_blank\" rel=\"noopener noreferrer\">Manuel Jacinto de Ascens\u00e3o Jardim<\/a>\u00a0&#8211; Sec\u00e7\u00e3o de Gest\u00e3o<\/li>\n<li><a href=\"https:\/\/paginapessoal.uab.pt\/mjacquinet\" target=\"_blank\" rel=\"noopener noreferrer\">Marc Marie Luc Philippe Jacquinet<\/a> &#8211; Sec\u00e7\u00e3o de Gest\u00e3o<\/li>\n<li><a href=\"https:\/\/paginapessoal.uab.pt\/mbilotta\"><strong>Maria Alessandra Bilotta<\/strong><\/a> &#8211; Sec\u00e7\u00e3o de Hist\u00f3ria<\/li>\n<li><a href=\"https:\/\/paginapessoal.uab.pt\/matgc\" target=\"_blank\" rel=\"noopener noreferrer\">Maria Alexandra Saramago Castelo Branco Trindade Gago da C\u00e2mara<\/a> &#8211; Sec\u00e7\u00e3o de Hist\u00f3ria<\/li>\n<li><a href=\"https:\/\/paginapessoal.uab.pt\/fatimaa\" target=\"_blank\" rel=\"noopener noreferrer\">Maria de F\u00e1tima Pereira Alves<\/a> &#8211; Sec\u00e7\u00e3o de Ci\u00eancias Sociais e Pol\u00edticas<\/li>\n<li><a href=\"https:\/\/paginapessoal.uab.pt\/mctp\" target=\"_blank\" rel=\"noopener noreferrer\">Maria do Carmo Teixeira Pinto<\/a> &#8211; Sec\u00e7\u00e3o de Hist\u00f3ria<\/li>\n<li><a href=\"https:\/\/paginapessoal.uab.pt\/rmatos\" target=\"_blank\" rel=\"noopener noreferrer\">Maria do Ros\u00e1rio de Abreu de Matos Bernardo<\/a> &#8211; Sec\u00e7\u00e3o de Gest\u00e3o<\/li>\n<li><a href=\"https:\/\/paginapessoal.uab.pt\/mrosa\">Maria do Ros\u00e1rio Tom\u00e1s Rosa<\/a> &#8211; Sec\u00e7\u00e3o de Ci\u00eancias Sociais e Pol\u00edticas<\/li>\n<li><a href=\"https:\/\/paginapessoal.uab.pt\/fandrade\" target=\"_blank\" rel=\"noopener noreferrer\">Maria Filomena Pimentel de Carvalho Andrade<\/a> &#8211; Sec\u00e7\u00e3o de Hist\u00f3ria<\/li>\n<li><a href=\"https:\/\/paginapessoal.uab.pt\/natalia\" target=\"_blank\" rel=\"noopener noreferrer\">Maria Nat\u00e1lia Pereira Ramos<\/a> &#8211; Sec\u00e7\u00e3o de Ci\u00eancias Sociais e Pol\u00edticas<\/li>\n<li><a href=\"https:\/\/paginapessoal.uab.pt\/rbastos\" target=\"_blank\" rel=\"noopener noreferrer\">Maria Ros\u00e1rio da Costa Bastos<\/a> &#8211; Sec\u00e7\u00e3o de Hist\u00f3ria<\/li>\n<li><a href=\"https:\/\/paginapessoal.uab.pt\/mnegas\" target=\"_blank\" rel=\"noopener noreferrer\">M\u00e1rio Fernando Carrilho Negas<\/a> &#8211; Sec\u00e7\u00e3o de Gest\u00e3o<\/li>\n<li><a href=\"https:\/\/paginapessoal.uab.pt\/nvidal\" target=\"_blank\" rel=\"noopener noreferrer\">Nuno Carlos de Fragoso Vidal<\/a> &#8211; Sec\u00e7\u00e3o de Ci\u00eancias Sociais e Pol\u00edticas<\/li>\n<li><a href=\"https:\/\/paginapessoal.uab.pt\/nopgest\" target=\"_blank\" rel=\"noopener noreferrer\">Nuno Miguel Gama Rodrigues de Oliveira Pinto<\/a> &#8211; Sec\u00e7\u00e3o de Gest\u00e3o<\/li>\n<li><a href=\"https:\/\/paginapessoal.uab.pt\/omagano\" target=\"_blank\" rel=\"noopener noreferrer\">Olga Maria dos Santos Magano<\/a> &#8211; Sec\u00e7\u00e3o de Ci\u00eancias Sociais e Pol\u00edticas<\/li>\n<li><a href=\"https:\/\/paginapessoal.uab.pt\/pjpalma\"><strong>Patr\u00edcia Jardim Trindade Martins da Palma<\/strong><\/a> &#8211; Sec\u00e7\u00e3o de Gest\u00e3o<\/li>\n<li><a href=\"https:\/\/paginapessoal.uab.pt\/pcarreira\">Paula Cristina Ferreira da Costa Carreira<\/a> &#8211; Sec\u00e7\u00e3o de Ci\u00eancias Sociais e Pol\u00edticas<\/li>\n<li><a href=\"https:\/\/paginapessoal.uab.pt\/pmcosta\" target=\"_blank\" rel=\"noopener noreferrer\">Paulo Manuel Abreu da Silva Costa<\/a>\u00a0 &#8211; Sec\u00e7\u00e3o de Ci\u00eancias Sociais e Pol\u00edticas<\/li>\n<li><a href=\"https:\/\/paginapessoal.uab.pt\/pabrantes\" target=\"_blank\" rel=\"noopener noreferrer\">Pedro Ant\u00f3nio da Silva Abrantes<\/a> &#8211; Sec\u00e7\u00e3o de Ci\u00eancias Sociais e Pol\u00edticas<\/li>\n<li><a href=\"https:\/\/paginapessoal.uab.pt\/pflor\" target=\"_blank\" rel=\"noopener noreferrer\">Pedro Eug\u00e9nio Dias Ferreira de Almeida Flor<\/a> &#8211; Sec\u00e7\u00e3o de Hist\u00f3ria<\/li>\n<li><a href=\"https:\/\/paginapessoal.uab.pt\/pisaias\" target=\"_blank\" rel=\"noopener noreferrer\">Pedro Teixeira Isa\u00edas<\/a> &#8211; Sec\u00e7\u00e3o de Gest\u00e3o<\/li>\n<li><a href=\"https:\/\/paginapessoal.uab.pt\/ppinto\">Porf\u00edrio Jos\u00e9 dos Santos Pinto<\/a> &#8211; Sec\u00e7\u00e3o de Ci\u00eancias Sociais e Pol\u00edticas<\/li>\n<li><a href=\"https:\/\/paginapessoal.uab.pt\/rosana\" target=\"_blank\" rel=\"noopener noreferrer\">Rosana de Lemos de Sousa Albuquerque<\/a> &#8211; Sec\u00e7\u00e3o de Ci\u00eancias Sociais e Pol\u00edticas<\/li>\n<li><a href=\"https:\/\/paginapessoal.uab.pt\/scsantos\"><strong>Sara Cristina Valente dos Santos<\/strong><\/a> &#8211; Sec\u00e7\u00e3o de Gest\u00e3o<\/li>\n<li><a href=\"https:\/\/paginapessoal.uab.pt\/somonteiro\">Sara Ot\u00edlia Marques Monteiro<\/a> &#8211; Sec\u00e7\u00e3o de Ci\u00eancias Sociais e Pol\u00edticas<\/li>\n<li><a href=\"https:\/\/paginapessoal.uab.pt\/tcarrilho\" target=\"_blank\" rel=\"noopener noreferrer\">Tiago Carrilho Ribeiro Mendes<\/a> &#8211; Sec\u00e7\u00e3o de Gest\u00e3o<\/li>\n<\/ul>\n<h4 style=\"text-align: left\"><\/h4>\n<h4 style=\"text-align: left\"><\/h4>\n<h4><\/h4>\n<h3 style=\"text-align: left\">\u00a0 \u00a0 \u00a0DOCENTES CONVIDADOS:<\/h3>\n<ul>\n<li><a href=\"https:\/\/paginapessoal.uab.pt\/asoliveira\"><strong>Ana Sofia da Silva Oliveira<\/strong><\/a> &#8211; Sec\u00e7\u00e3o de Ci\u00eancias Sociais e Pol\u00edticas<\/li>\n<li><a href=\"https:\/\/paginapessoal.uab.pt\/acouto\">Anabela Galhardo Bolota Val\u00e9rio do Couto<\/a>\u00a0 &#8211; Sec\u00e7\u00e3o de Ci\u00eancias Sociais e Pol\u00edticas<\/li>\n<li><a href=\"https:\/\/paginapessoal.uab.pt\/cnovaes\">Caio Rotta Bradbury Novaes<\/a> &#8211; Sec\u00e7\u00e3o de Ci\u00eancias Sociais e Pol\u00edticas<\/li>\n<li><a href=\"https:\/\/paginapessoal.uab.pt\/capsilva\"><strong>Carlos Ant\u00f3nio Pinheiro Francisco e Silva<\/strong><\/a> &#8211; Sec\u00e7\u00e3o de Gest\u00e3o<\/li>\n<li><a href=\"https:\/\/paginapessoal.uab.pt\/cedfeldt\">Chatarina Edfeldt<\/a> &#8211; Sec\u00e7\u00e3o de Ci\u00eancias Sociais e Pol\u00edticas<\/li>\n<li><span data-olk-copy-source=\"MessageBody\"><a href=\"https:\/\/paginapessoal.uab.pt\/cbarros\"><strong>Clarissa Maria Dubeux Lopes Barros<\/strong><\/a> &#8211; Sec\u00e7\u00e3o de Ci\u00eancias Sociais e Pol\u00edticas<\/span><\/li>\n<li><a href=\"https:\/\/paginapessoal.uab.pt\/cmveloso\" target=\"blank\" rel=\"noopener\">Cl\u00e1udia Maria Fileno Miranda Veloso &#8211; <strong>Sec\u00e7\u00e3o de Gest\u00e3o<\/strong><\/a><\/li>\n<li><a href=\"https:\/\/paginapessoal.uab.pt\/curbano\"><strong>Cl\u00e1udia Susana Valadas Urbano<\/strong><\/a> &#8211; Sec\u00e7\u00e3o de Ci\u00eancias Sociais e Pol\u00edticas<\/li>\n<li><a href=\"https:\/\/paginapessoal.uab.pt\/cisilva\"><strong>Cristiana Isabel Lucas Silva<\/strong><\/a> &#8211; Sec\u00e7\u00e3o de Ci\u00eancias Sociais e Pol\u00edticas<\/li>\n<li><a href=\"https:\/\/paginapessoal.uab.pt\/damonteiro\"><strong>Daniela Joana Magalh\u00e3es Monteiro da Silva<\/strong><\/a> &#8211; Sec\u00e7\u00e3o de Ci\u00eancias Sociais e Pol\u00edticas<\/li>\n<li><a href=\"https:\/\/paginapessoal.uab.pt\/dgesteves\"><strong>Denise Gayou Lima Reis Esteves<\/strong><\/a> &#8211; Sec\u00e7\u00e3o de Ci\u00eancias Sociais e Pol\u00edticas<\/li>\n<li><a href=\"https:\/\/paginapessoal.uab.pt\/eschlemmer\"><strong>Eliane Schlemme<\/strong>r<\/a> &#8211; Sec\u00e7\u00e3o de Gest\u00e3o<\/li>\n<li><a href=\"https:\/\/paginapessoal.uab.pt\/fmcunha\"><strong>Fernando Augusto Magalh\u00e3es Alves da Cunha<\/strong><\/a> &#8211; Sec\u00e7\u00e3o de Gest\u00e3o<\/li>\n<li><a href=\"https:\/\/paginapessoal.uab.pt\/fmacosta\">Fernando Manuel Alves Mendon\u00e7a Pinto da Costa<\/a> &#8211; Sec\u00e7\u00e3o de Ci\u00eancias Sociais e Pol\u00edticas<\/li>\n<li><a href=\"https:\/\/paginapessoal.uab.pt\/gfeio\">Gon\u00e7alo Couceiro Feio<\/a> &#8211; Sec\u00e7\u00e3o de Hist\u00f3ria<\/li>\n<li><a href=\"https:\/\/paginapessoal.uab.pt\/ibrasao\"><strong>In\u00eas Paulo Cordeiro Bras\u00e3o<\/strong><\/a> &#8211; Sec\u00e7\u00e3o de Ci\u00eancias Sociais e Pol\u00edticas<\/li>\n<li><a href=\"https:\/\/paginapessoal.uab.pt\/isferreira\">Isabel Susana Vilas Boas da Silva Ferreira<\/a>\u00a0&#8211; Sec\u00e7\u00e3o de Ci\u00eancias Sociais e Pol\u00edticas<\/li>\n<li><a href=\"https:\/\/paginapessoal.uab.pt\/jamartins\">Jesu\u00edno Alberto Madeira dos Santos Alc\u00e2ntara Martins<\/a> &#8211; Sec\u00e7\u00e3o de Gest\u00e3o<\/li>\n<li><a href=\"https:\/\/paginapessoal.uab.pt\/jlcosta\"><strong>Jo\u00e3o Lu\u00eds Correia Ba\u00eda da Costa<\/strong><\/a> &#8211; Sec\u00e7\u00e3o de Ci\u00eancias Sociais e Pol\u00edticas<\/li>\n<li><a href=\"https:\/\/paginapessoal.uab.pt\/jmalmeida\">Jo\u00e3o Miguel Furtado Ferreira d&#8217;Almeida<\/a> &#8211; Sec\u00e7\u00e3o de Hist\u00f3ria<\/li>\n<li><a href=\"https:\/\/paginapessoal.uab.pt\/jaldeia\">Jo\u00e3o Miguel Marques Alves Aldeia<\/a>\u00a0 &#8211; Sec\u00e7\u00e3o de Ci\u00eancias Sociais e Pol\u00edticas<\/li>\n<li><a href=\"https:\/\/paginapessoal.uab.pt\/jabrantes\">Jorge Manuel de Oliveira Flor Abrantes<\/a> &#8211; Sec\u00e7\u00e3o de Gest\u00e3o<\/li>\n<li><a href=\"https:\/\/paginapessoal.uab.pt\/jlsilva\">Jos\u00e9 Lu\u00eds Miguel da Silva<\/a> &#8211; Sec\u00e7\u00e3o de Gest\u00e3o<\/li>\n<li><a href=\"https:\/\/paginapessoal.uab.pt\/jsfonseca\"><strong>Josefa S\u00f4nia Pereira da Fonseca<\/strong><\/a> &#8211; Sec\u00e7\u00e3o de Gest\u00e3o<\/li>\n<li><a href=\"https:\/\/paginapessoal.uab.pt\/lcarneiro\">Lu\u00eds Ferreira de Almeida Carneiro<\/a> &#8211; Sec\u00e7\u00e3o de Ci\u00eancias Sociais e Pol\u00edticas<\/li>\n<li><span data-olk-copy-source=\"MessageBody\"><a href=\"https:\/\/paginapessoal.uab.pt\/lgodinho\"><strong>Lu\u00edsa Maria de Andrade Godinho<\/strong><\/a> &#8211; Sec\u00e7\u00e3o de Ci\u00eancias Sociais e Pol\u00edticas<\/span><\/li>\n<li><a href=\"https:\/\/paginapessoal.uab.pt\/macarvalho\">Margarita Arantes Salgueiro de Carvalho<\/a> &#8211; Sec\u00e7\u00e3o de Gest\u00e3o<\/li>\n<li><a href=\"https:\/\/paginapessoal.uab.pt\/mibaptista\">Maria Isabel Rodrigues Baptista<\/a> &#8211; Sec\u00e7\u00e3o de Ci\u00eancias Sociais e Pol\u00edticas<\/li>\n<li><a href=\"https:\/\/paginapessoal.uab.pt\/tpinto\">Maria Teresa Valente Pinto<\/a> &#8211; Sec\u00e7\u00e3o de Ci\u00eancias Sociais e Pol\u00edticas<\/li>\n<li><a href=\"https:\/\/paginapessoal.uab.pt\/moniquep\">Monique Palma &#8211; <strong>Sec\u00e7\u00e3o de Hist\u00f3ria<\/strong><\/a><\/li>\n<li><a href=\"https:\/\/paginapessoal.uab.pt\/pnunes\">Pedro Manuel Sim\u00e3o Belchior Nunes<\/a> &#8211; Sec\u00e7\u00e3o de Ci\u00eancias Sociais e Pol\u00edticas<\/li>\n<li><a href=\"https:\/\/paginapessoal.uab.pt\/ricardomrodrigues\">Ricardo Marino Francisco Rodrigues<\/a> &#8211; Sec\u00e7\u00e3o de Gest\u00e3o<\/li>\n<li><a href=\"https:\/\/paginapessoal.uab.pt\/rcampos\">Ricardo Marnoto de Oliveira Campos<\/a> &#8211; Sec\u00e7\u00e3o de Ci\u00eancias Sociais e Pol\u00edticas<\/li>\n<li><strong><a href=\"https:\/\/paginapessoal.uab.pt\/rgrego\">Rui Gon\u00e7alo Maia Rego<\/a> &#8211; <\/strong>Sec\u00e7\u00e3o de Ci\u00eancias Sociais e Pol\u00edticas<\/li>\n<li><a href=\"https:\/\/paginapessoal.uab.pt\/smota\"><strong>Susana Isabel da Silva Mota<\/strong><\/a> &#8211; Sec\u00e7\u00e3o de Hist\u00f3ria<\/li>\n<li><a href=\"https:\/\/paginapessoal.uab.pt\/smjesus\"><strong>Susana Mourato Alves Jesus<\/strong><\/a> &#8211; Sec\u00e7\u00e3o de Ci\u00eancias Sociais e Pol\u00edticas<\/li>\n<li><span data-olk-copy-source=\"MessageBody\"><a href=\"https:\/\/paginapessoal.uab.pt\/tmarques\"><strong>T\u00e2nia Santos Marques<\/strong><\/a>\u00a0 &#8211; Sec\u00e7\u00e3o de Ci\u00eancias Sociais e Pol\u00edticas<\/span><\/li>\n<li><a href=\"https:\/\/paginapessoal.uab.pt\/tpsilva\" target=\"blank\" rel=\"noopener\">Teresa Paula Garcia Rodrigues da Silva<\/a> &#8211; Sec\u00e7\u00e3o de Ci\u00eancias Sociais e Pol\u00edticas<\/li>\n<\/ul>\n<p><\/p>","protected":false},"excerpt":{"rendered":"<p>Adelaide Maria Pacheco Lopes Pereira Mill\u00e1n Costa &#8211; Sec\u00e7\u00e3o de Hist\u00f3ria Ana Isabel Mateus Silva &#8211; Sec\u00e7\u00e3o de Ci\u00eancias Sociais e Pol\u00edticas Ana Margarida Mendes Camelo Oliveira Brochado &#8211; Sec\u00e7\u00e3o de Gest\u00e3o Ana Paula Cruz Beja Orrico Horta &#8211; Sec\u00e7\u00e3o de Ci\u00eancias Sociais e Pol\u00edticas Ana Paula dos Santos Cordeiro &#8211; Sec\u00e7\u00e3o de Ci\u00eancias Sociais&#x2026; <a class=\"\" href=\"https:\/\/portal.uab.pt\/dcsg\/docentes-e-investigadores\/\">Ler +<\/a><\/p>\n","protected":false},"author":1,"featured_media":0,"parent":0,"menu_order":0,"comment_status":"closed","ping_status":"closed","template":"","meta":{"footnotes":""},"class_list":["post-112","page","type-page","status-publish","hentry"],"_links":{"self":[{"href":"https:\/\/portal.uab.pt\/dcsg\/wp-json\/wp\/v2\/pages\/112","targetHints":{"allow":["GET"]}}],"collection":[{"href":"https:\/\/portal.uab.pt\/dcsg\/wp-json\/wp\/v2\/pages"}],"about":[{"href":"https:\/\/portal.uab.pt\/dcsg\/wp-json\/wp\/v2\/types\/page"}],"author":[{"embeddable":true,"href":"https:\/\/portal.uab.pt\/dcsg\/wp-json\/wp\/v2\/users\/1"}],"replies":[{"embeddable":true,"href":"https:\/\/portal.uab.pt\/dcsg\/wp-json\/wp\/v2\/comments?post=112"}],"version-history":[{"count":149,"href":"https:\/\/portal.uab.pt\/dcsg\/wp-json\/wp\/v2\/pages\/112\/revisions"}],"predecessor-version":[{"id":946,"href":"https:\/\/portal.uab.pt\/dcsg\/wp-json\/wp\/v2\/pages\/112\/revisions\/946"}],"wp:attachment":[{"href":"https:\/\/portal.uab.pt\/dcsg\/wp-json\/wp\/v2\/media?parent=112"}],"curies":[{"name":"wp","href":"https:\/\/api.w.org\/{rel}","templated":true}]}}