{"id":137,"date":"2017-06-08T12:49:20","date_gmt":"2017-06-08T12:49:20","guid":{"rendered":"http:\/\/portal.uab.pt\/gestaoacademica\/?page_id=137"},"modified":"2025-05-27T14:53:12","modified_gmt":"2025-05-27T14:53:12","slug":"artigo-54o-do-ecd","status":"publish","type":"page","link":"https:\/\/portal.uab.pt\/gestaoacademica\/artigo-54o-do-ecd\/","title":{"rendered":"Artigo 54.\u00ba do ECD"},"content":{"rendered":"<p><\/p>\n<div class=\"entry-content\">\n<h3 class=\"textBlue\"><strong>ESTATUTO DA CARREIRA DOS EDUCADORES DE INF\u00c2NCIA E DOS PROFESSORES DOS ENSINOS B\u00c1SICO E SECUND\u00c1RIO<\/strong><\/h3>\n<p><span style=\"color: #333333\">Benef\u00edcio \u00e0 redu\u00e7\u00e3o do tempo de servi\u00e7o para acesso a categoria de professor titular ou, sendo j\u00e1 detentor desta categoria, de redu\u00e7\u00e3o do tempo de perman\u00eancia obrigat\u00f3rio no escal\u00e3o em que se encontra para efeitos de progress\u00e3o na carreira, regulado pela <a href=\"https:\/\/portal.uab.pt\/gestaoacademica\/wp-content\/uploads\/sites\/10\/2017\/06\/Portaria-nr-344-2008_30-abril.pdf\">Portaria n.\u00ba 344\/2008<\/a>, de 30 de abril.<\/span><\/p>\n<p>&nbsp;<\/p>\n<p style=\"padding-left: 30px\"><a href=\"https:\/\/portal.uab.pt\/gestaoacademica\/wp-content\/uploads\/sites\/10\/2023\/02\/00-Procedimentos_DGAE_artigo-54_Estatuto-da-Carreira-Docente_09-02-2023.pdf\"><strong>&gt;\u00a0 PROCEDIMENTOS PARA A INSTRU\u00c7\u00c3O DO PROCESSO<\/strong><\/a><\/p>\n<p style=\"padding-left: 30px\"><strong>&gt; <a href=\"https:\/\/portal.uab.pt\/gestaoacademica\/wp-content\/uploads\/sites\/10\/2025\/05\/GGAC_Listagem_Cursos_DGAE_21_05-2025.VP_.pdf\">\u00a0CURSOS UAb RECONHECIDOS PELA DGAE <\/a><\/strong><a href=\"https:\/\/portal.uab.pt\/gestaoacademica\/wp-content\/uploads\/sites\/10\/2025\/05\/GGAC_Listagem_Cursos_DGAE_21_05-2025.VP_.pdf\">\u2013 Listagem de 21-05-2025<\/a><\/p>\n<\/div>\n<p><\/p>","protected":false},"excerpt":{"rendered":"<p>ESTATUTO DA CARREIRA DOS EDUCADORES DE INF\u00c2NCIA E DOS PROFESSORES DOS ENSINOS B\u00c1SICO E SECUND\u00c1RIO Benef\u00edcio \u00e0 redu\u00e7\u00e3o do tempo de servi\u00e7o para acesso a categoria de professor titular ou, sendo j\u00e1 detentor desta categoria, de redu\u00e7\u00e3o do tempo de perman\u00eancia obrigat\u00f3rio no escal\u00e3o em que se encontra para efeitos de progress\u00e3o na carreira, regulado&#x2026; <a class=\"more-link\" href=\"https:\/\/portal.uab.pt\/gestaoacademica\/artigo-54o-do-ecd\/\">Ler +<\/a><\/p>\n","protected":false},"author":27,"featured_media":177,"parent":0,"menu_order":7,"comment_status":"closed","ping_status":"closed","template":"","meta":{"footnotes":""},"class_list":["post-137","page","type-page","status-publish","has-post-thumbnail","hentry","post-thumb"],"_links":{"self":[{"href":"https:\/\/portal.uab.pt\/gestaoacademica\/wp-json\/wp\/v2\/pages\/137","targetHints":{"allow":["GET"]}}],"collection":[{"href":"https:\/\/portal.uab.pt\/gestaoacademica\/wp-json\/wp\/v2\/pages"}],"about":[{"href":"https:\/\/portal.uab.pt\/gestaoacademica\/wp-json\/wp\/v2\/types\/page"}],"author":[{"embeddable":true,"href":"https:\/\/portal.uab.pt\/gestaoacademica\/wp-json\/wp\/v2\/users\/27"}],"replies":[{"embeddable":true,"href":"https:\/\/portal.uab.pt\/gestaoacademica\/wp-json\/wp\/v2\/comments?post=137"}],"version-history":[{"count":94,"href":"https:\/\/portal.uab.pt\/gestaoacademica\/wp-json\/wp\/v2\/pages\/137\/revisions"}],"predecessor-version":[{"id":1472,"href":"https:\/\/portal.uab.pt\/gestaoacademica\/wp-json\/wp\/v2\/pages\/137\/revisions\/1472"}],"wp:featuredmedia":[{"embeddable":true,"href":"https:\/\/portal.uab.pt\/gestaoacademica\/wp-json\/wp\/v2\/media\/177"}],"wp:attachment":[{"href":"https:\/\/portal.uab.pt\/gestaoacademica\/wp-json\/wp\/v2\/media?parent=137"}],"curies":[{"name":"wp","href":"https:\/\/api.w.org\/{rel}","templated":true}]}}